{"id":10,"date":"2018-08-21T02:34:33","date_gmt":"2018-08-21T02:34:33","guid":{"rendered":"http:\/\/localhost:8888\/?page_id=10"},"modified":"2026-03-17T02:57:43","modified_gmt":"2026-03-17T02:57:43","slug":"participa","status":"publish","type":"page","link":"https:\/\/rebuildingtogethersf.org\/es\/get-involved\/","title":{"rendered":"Nuestro alcance"},"content":{"rendered":"<div class=\"vc_row wpb_row vc_row-fluid\"><div class=\"wpb_column vc_column_container vc_col-sm-12\"><div class=\"vc_column-inner\"><div class=\"wpb_wrapper\">\n\t<div class=\"wpb_text_column wpb_content_element\" >\n\t\t<div class=\"wpb_wrapper\">\n\t\t\t<div data-vc-full-width=\"true\" data-vc-full-width-init=\"false\" class=\"vc_row wpb_row vc_row-fluid vc_custom_1535854037063\"><\/div><div class=\"vc_row-full-width vc_clearfix\"><\/div><!-- Row Backgrounds --><div class=\"upb_bg_img\" data-ultimate-bg=\"url(https:\/\/rebuildingtogethersf.org\/wp-content\/uploads\/2018\/09\/RBSF-GetInvolved.jpg)\" data-image-id=\"id^209|url^https:\/\/rebuildingtogethersf.org\/wp-content\/uploads\/2018\/09\/RBSF-GetInvolved.jpg|caption^null|alt^null|title^RBSF-GetInvolved|description^null\" data-ultimate-bg-style=\"vcpb-vz-jquery\" data-bg-img-repeat=\"no-repeat\" data-bg-img-size=\"cover\" data-bg-img-position=\"\" data-parallx_sense=\"30\" data-bg-override=\"0\" data-bg_img_attach=\"scroll\" data-upb-overlay-color=\"rgba(255,255,255,0.61)\" data-upb-bg-animation=\"\" data-fadeout=\"\" data-bg-animation=\"left-animation\" data-bg-animation-type=\"h\" data-animation-repeat=\"repeat\" data-fadeout-percentage=\"30\" data-parallax-content=\"\" data-parallax-content-sense=\"30\" data-row-effect-mobile-disable=\"true\" data-img-parallax-mobile-disable=\"true\" data-rtl=\"false\"  data-custom-vc-row=\"\"  data-vc=\"6.0.5\"  data-is_old_vc=\"\"  data-theme-support=\"\"   data-overlay=\"true\" data-overlay-color=\"rgba(255,255,255,0.61)\" data-overlay-pattern=\"\" data-overlay-pattern-opacity=\"0.8\" data-overlay-pattern-size=\"\" data-overlay-pattern-attachment=\"scroll\"    ><\/div><div class=\"wpb_column vc_column_container vc_col-sm-12\"><div class=\"vc_column-inner\"><div class=\"wpb_wrapper\"><\/div><\/div><\/div>\n\t<div class=\"wpb_text_column wpb_content_element\" >\n\t\t<div class=\"wpb_wrapper\">\n\t\t\t\n\t\t<\/div>\n\t<\/div>\n<h1 style=\"text-align: center;\">Nuestro alcance<\/h1>\n\n\t\t<\/div>\n\t<\/div>\n\n\t<div class=\"wpb_text_column wpb_content_element\" >\n\t\t<div class=\"wpb_wrapper\">\n\t\t\t\n\t\t<\/div>\n\t<\/div>\n<\/div><\/div><\/div><\/div><div id=\"volunteer\" class=\"vc_row wpb_row vc_row-fluid\"><div class=\"wpb_column vc_column_container vc_col-sm-12\"><div class=\"vc_column-inner\"><div class=\"wpb_wrapper\"><div class=\"vc_separator wpb_content_element vc_separator_align_center vc_sep_width_100 vc_sep_pos_align_center vc_separator_no_text vc_sep_color_grey\" ><span class=\"vc_sep_holder vc_sep_holder_l\"><span  class=\"vc_sep_line\"><\/span><\/span><span class=\"vc_sep_holder vc_sep_holder_r\"><span  class=\"vc_sep_line\"><\/span><\/span>\n<\/div>\n\t<div class=\"wpb_text_column wpb_content_element\" >\n\t\t<div class=\"wpb_wrapper\">\n\t\t\t<h2>Voluntario<\/h2>\n\n\t\t<\/div>\n\t<\/div>\n<div class=\"vc_row wpb_row vc_inner vc_row-fluid\"><div class=\"wpb_column vc_column_container vc_col-sm-4\"><div class=\"vc_column-inner\"><div class=\"wpb_wrapper\"><div class=\"aio-icon-component    style_1\"><div id=\"Info-box-wrap-1420\" class=\"aio-icon-box top-icon\" style=\"\"  ><div class=\"aio-icon-top\"><div class=\"ult-just-icon-wrapper\"><div class=\"align-icon\" style=\"text-align:center;\">\n<div class=\"aio-icon none\"  style=\"color:#60bb46;font-size:55px;display:inline-block;\">\n\t<i class=\"fas fa-hammer\"><\/i>\n<\/div><\/div><\/div><\/div><div class=\"aio-icon-header\" ><h3 class=\"aio-icon-title ult-responsive\"  data-ultimate-target='#Info-box-wrap-1420 .aio-icon-title'  data-responsive-json-new='{\"font-size\":\"\",\"line-height\":\"\"}'  style=\"\">Voluntario de oficios cualificados<\/h3><\/div> <!-- header --><\/div> <!-- aio-icon-box --><\/div> <!-- aio-icon-component -->\n\t<div class=\"wpb_text_column wpb_content_element\" >\n\t\t<div class=\"wpb_wrapper\">\n\t\t\t<p><span style=\"font-weight: 400;\">Carpinteros, fontaneros, electricistas, paisajistas y obreros apoyan las reparaciones cr\u00edticas de viviendas y comunidades para nuestros vecinos. Su donaci\u00f3n de habilidades y experiencia nos permite aprovechar las donaciones para triplicar el valor de nuestro trabajo. Inscr\u00edbete para obtener m\u00e1s informaci\u00f3n y utilizar tus habilidades para servir.<\/span><\/p>\n\n\t\t<\/div>\n\t<\/div>\n<\/div><\/div><\/div><div class=\"wpb_column vc_column_container vc_col-sm-4\"><div class=\"vc_column-inner\"><div class=\"wpb_wrapper\"><div class=\"aio-icon-component    style_1\"><div id=\"Info-box-wrap-5668\" class=\"aio-icon-box top-icon\" style=\"\"  ><div class=\"aio-icon-top\"><div class=\"ult-just-icon-wrapper\"><div class=\"align-icon\" style=\"text-align:center;\">\n<div class=\"aio-icon none\"  style=\"color:#60bb46;font-size:55px;display:inline-block;\">\n\t<i class=\"Defaults-group\"><\/i>\n<\/div><\/div><\/div><\/div><div class=\"aio-icon-header\" ><h3 class=\"aio-icon-title ult-responsive\"  data-ultimate-target='#Info-box-wrap-5668 .aio-icon-title'  data-responsive-json-new='{\"font-size\":\"\",\"line-height\":\"\"}'  style=\"\">D\u00eda de Construcci\u00f3n de la Comunidad Voluntario general<\/h3><\/div> <!-- header --><\/div> <!-- aio-icon-box --><\/div> <!-- aio-icon-component -->\n\t<div class=\"wpb_text_column wpb_content_element\" >\n\t\t<div class=\"wpb_wrapper\">\n\t\t\t<p><span style=\"font-weight: 400;\">Organizamos dos jornadas de voluntariado comunitario al a\u00f1o, en primavera y oto\u00f1o. Estos d\u00edas se centran en reunir a los vecinos y crear una oportunidad para que nuestra comunidad participe en un trabajo importante que apoya directamente nuestra misi\u00f3n.<\/span><\/p>\n\n\t\t<\/div>\n\t<\/div>\n<\/div><\/div><\/div><div class=\"wpb_column vc_column_container vc_col-sm-4\"><div class=\"vc_column-inner\"><div class=\"wpb_wrapper\"><div class=\"aio-icon-component    style_1\"><div id=\"Info-box-wrap-8250\" class=\"aio-icon-box top-icon\" style=\"\"  ><div class=\"aio-icon-top\"><div class=\"ult-just-icon-wrapper\"><div class=\"align-icon\" style=\"text-align:center;\">\n<div class=\"aio-icon none\"  style=\"color:#60bb46;font-size:55px;display:inline-block;\">\n\t<i class=\"icomoon-handshake-o\"><\/i>\n<\/div><\/div><\/div><\/div><div class=\"aio-icon-header\" ><h3 class=\"aio-icon-title ult-responsive\"  data-ultimate-target='#Info-box-wrap-8250 .aio-icon-title'  data-responsive-json-new='{\"font-size\":\"\",\"line-height\":\"\"}'  style=\"\">Construye Voluntariado General<\/h3><\/div> <!-- header --><\/div> <!-- aio-icon-box --><\/div> <!-- aio-icon-component -->\n\t<div class=\"wpb_text_column wpb_content_element\" >\n\t\t<div class=\"wpb_wrapper\">\n\t\t\t<p><span style=\"font-weight: 400;\">\u00a1\u00danete a artesanas expertas y mujeres apasionadas de tu comunidad durante un proyecto de reparaci\u00f3n comunitaria de She Builds! Nuestro programa She Builds est\u00e1 dirigido en su totalidad por mujeres y se centra en servir a espacios comunitarios centrados en la mujer y a hogares encabezados por mujeres en nuestra comunidad.<\/span><\/p>\n\n\t\t<\/div>\n\t<\/div>\n<\/div><\/div><\/div><\/div>\n\t<div class=\"wpb_text_column wpb_content_element\" >\n\t\t<div class=\"wpb_wrapper\">\n\t\t\t<h3 style=\"text-align: center;\"><span style=\"color: #808080;\">H\u00e1gase voluntario. Inscr\u00edbase hoy mismo para futuras oportunidades<\/span><\/h3>\n\n\t\t<\/div>\n\t<\/div>\n<style type=\"text\/css\" data-type=\"the7_shortcodes-inline-css\">#default-btn-a33ef9e81d39c3c8b91b1a0982d6da74 > i {\n  font-size: 11px;\n}\n#default-btn-a33ef9e81d39c3c8b91b1a0982d6da74 * {\n  vertical-align: middle;\n}\n<\/style><div class=\"btn-align-center\"><a href=\"https:\/\/docs.google.com\/forms\/d\/e\/1FAIpQLScMDx1ieNjzEYLFT9SvRb7YSNsgwGg-w0BWf58LMg7g4jg-9w\/viewform?usp=sf_link\" class=\"default-btn-shortcode dt-btn dt-btn-l\" id=\"default-btn-a33ef9e81d39c3c8b91b1a0982d6da74\"><span>Inscribirse<\/span><\/a><\/div><div class=\"vc_separator wpb_content_element vc_separator_align_center vc_sep_width_100 vc_sep_pos_align_center vc_separator_no_text vc_sep_color_grey\" ><span class=\"vc_sep_holder vc_sep_holder_l\"><span  class=\"vc_sep_line\"><\/span><\/span><span class=\"vc_sep_holder vc_sep_holder_r\"><span  class=\"vc_sep_line\"><\/span><\/span>\n<\/div>\n\t<div class=\"wpb_text_column wpb_content_element\" >\n\t\t<div class=\"wpb_wrapper\">\n\t\t\t<h3 style=\"text-align: center;\"><span style=\"color: #808080;\"><span style=\"color: #339966;\">\u00a1Inscr\u00edbete hoy mismo para ser voluntario del NRM 2026! Fechas: s\u00e1bados 11, 18 y 25 de abril<\/span>!<\/span><\/h3>\n<h3 style=\"text-align: center;\"><strong>Ubicaci\u00f3n: \u00a1Te la enviaremos en cuanto te inscribas!<\/strong><\/h3>\n\n\t\t<\/div>\n\t<\/div>\n<style type=\"text\/css\" data-type=\"the7_shortcodes-inline-css\">#default-btn-ee66afbf7ba99a4e895c81a453def36a > i {\n  font-size: 11px;\n}\n#default-btn-ee66afbf7ba99a4e895c81a453def36a * {\n  vertical-align: middle;\n}\n<\/style><div class=\"btn-align-center\"><a href=\"https:\/\/docs.google.com\/forms\/d\/e\/1FAIpQLSeNbxbUYPngA1oynFHI0A1V2xRsxZ6mfNm0R1ucBbll1BTs7A\/viewform\" class=\"default-btn-shortcode dt-btn dt-btn-l\" id=\"default-btn-ee66afbf7ba99a4e895c81a453def36a\"><span>Inscribirse<\/span><\/a><\/div>\n\t<div class=\"wpb_text_column wpb_content_element\" >\n\t\t<div class=\"wpb_wrapper\">\n\t\t\t\n\t\t<\/div>\n\t<\/div>\n<div class=\"vc_separator wpb_content_element vc_separator_align_center vc_sep_width_100 vc_sep_pos_align_center vc_separator_no_text vc_sep_color_grey\" ><span class=\"vc_sep_holder vc_sep_holder_l\"><span  class=\"vc_sep_line\"><\/span><\/span><span class=\"vc_sep_holder vc_sep_holder_r\"><span  class=\"vc_sep_line\"><\/span><\/span>\n<\/div>\n\t<div class=\"wpb_text_column wpb_content_element\" >\n\t\t<div class=\"wpb_wrapper\">\n\t\t\t<p><b><script>var DDCONF = { API_KEY: \"3ipoe4RJLZekJodW\", VOLUNTEER_GRANT_SPECIFIC: true };<\/script>\n                <div id=\"dd-container\"><\/div><\/b><\/p>\n\n\t\t<\/div>\n\t<\/div>\n<\/div><\/div><\/div><\/div><div id=\"associateboard\" class=\"vc_row wpb_row vc_row-fluid\"><div class=\"wpb_column vc_column_container vc_col-sm-12\"><div class=\"vc_column-inner\"><div class=\"wpb_wrapper\">\n\t<div class=\"wpb_text_column wpb_content_element\" >\n\t\t<div class=\"wpb_wrapper\">\n\t\t\t<h3>Junta Asociada<\/h3>\n\n\t\t<\/div>\n\t<\/div>\n\n\t<div class=\"wpb_text_column wpb_content_element\" >\n\t\t<div class=\"wpb_wrapper\">\n\t\t\t<p><span style=\"font-weight: 400;\">La Junta Asociada es un grupo de j\u00f3venes l\u00edderes emergentes que desean ayudar a la comunidad de San Francisco y ampliar su red profesional. Juntos, en colaboraci\u00f3n con la Junta de Gobierno, la Junta Asociada servir\u00e1 de puerta de entrada para captar voluntarios con talento, reconectar con antiguos alumnos y concienciar a una generaci\u00f3n m\u00e1s joven para garantizar la longevidad y el apoyo de nuestra organizaci\u00f3n. <\/span>Cada mandato es un compromiso de dos a\u00f1os, y debe prever dedicar entre 2 y 4 horas al mes a asuntos de la Junta. Contratamos a nuevos miembros de la Junta Asociada a lo largo del a\u00f1o mediante un proceso de entrevistas. Para m\u00e1s informaci\u00f3n, env\u00ede un correo electr\u00f3nico a <a href=\"mailto:associateboard@rtsf.org\">associateboard@rtsf.org<\/a><\/p>\n\n\t\t<\/div>\n\t<\/div>\n<\/div><\/div><\/div><\/div><div class=\"vc_row wpb_row vc_row-fluid\"><div class=\"wpb_column vc_column_container vc_col-sm-12\"><div class=\"vc_column-inner\"><div class=\"wpb_wrapper\"><div class=\"ult-spacer spacer-69ef81d82a55d\" data-id=\"69ef81d82a55d\" data-height=\"50\" data-height-mobile=\"50\" data-height-tab=\"50\" data-height-tab-portrait=\"\" data-height-mobile-landscape=\"25\" style=\"clear:both;display:block;\"><\/div><\/div><\/div><\/div><\/div><div id=\"ourimpact\" class=\"vc_row wpb_row vc_row-fluid\"><div class=\"wpb_column vc_column_container vc_col-sm-12\" id=\"ourimpact\"><div class=\"vc_column-inner\"><div class=\"wpb_wrapper\"><div class=\"hr-thin style-line accent-border-color hr-left\" style=\"width: 100%;border-top-width: 2px;\"><\/div>\n\t<div class=\"wpb_text_column wpb_content_element\" id=\"ourimpact\">\n\t\t<div class=\"wpb_wrapper\">\n\t\t\t\n\t\t<\/div>\n\t<\/div>\n\n\t<div class=\"wpb_text_column wpb_content_element\" >\n\t\t<div class=\"wpb_wrapper\">\n\t\t\t<h2>Nuestro impacto<\/h2>\n\n\t\t<\/div>\n\t<\/div>\n\n\t<div  class=\"wpb_single_image wpb_content_element vc_align_center\">\n\t\t\n\t\t<figure class=\"wpb_wrapper vc_figure\">\n\t\t\t<div class=\"vc_single_image-wrapper   vc_box_border_grey\"><img loading=\"lazy\" decoding=\"async\" width=\"1024\" height=\"1024\" src=\"https:\/\/rebuildingtogethersf.org\/wp-content\/uploads\/2021\/09\/Screen-Shot-2021-03-04-at-2.49.11-PM-1024x1024.png\" class=\"vc_single_image-img attachment-large\" alt=\"Diagrama de los componentes de una comunidad din\u00e1mica.\" srcset=\"https:\/\/rebuildingtogethersf.org\/wp-content\/uploads\/2021\/09\/Screen-Shot-2021-03-04-at-2.49.11-PM-1024x1024.png 1024w, https:\/\/rebuildingtogethersf.org\/wp-content\/uploads\/2021\/09\/Screen-Shot-2021-03-04-at-2.49.11-PM-300x300.png 300w, https:\/\/rebuildingtogethersf.org\/wp-content\/uploads\/2021\/09\/Screen-Shot-2021-03-04-at-2.49.11-PM-150x150.png 150w, https:\/\/rebuildingtogethersf.org\/wp-content\/uploads\/2021\/09\/Screen-Shot-2021-03-04-at-2.49.11-PM-768x769.png 768w, https:\/\/rebuildingtogethersf.org\/wp-content\/uploads\/2021\/09\/Screen-Shot-2021-03-04-at-2.49.11-PM-1534x1536.png 1534w, https:\/\/rebuildingtogethersf.org\/wp-content\/uploads\/2021\/09\/Screen-Shot-2021-03-04-at-2.49.11-PM-600x601.png 600w, https:\/\/rebuildingtogethersf.org\/wp-content\/uploads\/2021\/09\/Screen-Shot-2021-03-04-at-2.49.11-PM-200x200.png 200w, https:\/\/rebuildingtogethersf.org\/wp-content\/uploads\/2021\/09\/Screen-Shot-2021-03-04-at-2.49.11-PM.png 1712w\" sizes=\"auto, (max-width: 1024px) 100vw, 1024px\"  data-dt-location=\"https:\/\/rebuildingtogethersf.org\/es\/get-involved\/screen-shot-2021-03-04-at-2-49-11-pm\/\" \/><\/div>\n\t\t<\/figure>\n\t<\/div>\n\n\t<div class=\"wpb_text_column wpb_content_element\" >\n\t\t<div class=\"wpb_wrapper\">\n\t\t\t<h2>Informe de impacto 2023<\/h2>\n\n\t\t<\/div>\n\t<\/div>\n\n<div class=\"vc_grid-container-wrapper vc_clearfix\">\n\t<div class=\"vc_grid-container vc_clearfix wpb_content_element vc_media_grid\" data-initial-loading-animation=\"fadeIn\" data-vc-grid-settings=\"{&quot;page_id&quot;:10,&quot;style&quot;:&quot;all&quot;,&quot;action&quot;:&quot;vc_get_vc_grid_data&quot;,&quot;shortcode_id&quot;:&quot;1773715732951-9044c8f9-8950-3&quot;,&quot;tag&quot;:&quot;vc_media_grid&quot;}\" data-vc-request=\"https:\/\/rebuildingtogethersf.org\/wp-admin\/admin-ajax.php\" data-vc-post-id=\"10\" data-vc-public-nonce=\"bc31594cfa\">\n\t\t\n\t<\/div>\n<\/div>\n\t<div class=\"wpb_text_column wpb_content_element\" >\n\t\t<div class=\"wpb_wrapper\">\n\t\t\t<p>Las reparaciones cr\u00edticas gratuitas a hogares con bajos ingresos en San Francisco ayudan a los residentes a evitar costosas <span style=\"font-weight: 400;\">reparaciones y mantenimiento que podr\u00edan dificultarles el acceso a sus viviendas. El aumento de la estabilidad de la vivienda ayuda a reducir los desplazamientos y la falta de vivienda, as\u00ed como las disparidades en la propiedad de la vivienda y la riqueza entre las comunidades blancas y las comunidades de color.<\/span><\/p>\n<p>En 2023, trabajamos con casi 9.000 voluntarios para reparar m\u00e1s de 200 viviendas y 350 residentes, \u00a1y es un ENORME agradecimiento a todos nuestros colaboradores como usted!<\/p>\n\n\t\t<\/div>\n\t<\/div>\n<div class=\"vc_row wpb_row vc_inner vc_row-fluid\"><div class=\"wpb_column vc_column_container vc_col-sm-3\"><div class=\"vc_column-inner\"><div class=\"wpb_wrapper\"><div class=\"vc_icon_element vc_icon_element-outer wpb_animate_when_almost_visible wpb_appear appear vc_icon_element-align-center\"><div class=\"vc_icon_element-inner vc_icon_element-color-custom vc_icon_element-size-xl vc_icon_element-style- vc_icon_element-background-color-grey\" ><span class=\"vc_icon_element-icon typcn typcn-home-outline\" style=\"color:#fbb042 !important\"><\/span><\/div><\/div>\n\t<div class=\"wpb_text_column wpb_content_element\" >\n\t\t<div class=\"wpb_wrapper\">\n\t\t\t<h1 style=\"text-align: center;\"><strong>250<\/strong><\/h1>\n<p style=\"text-align: center;\">Hogares atendidos<\/p>\n\n\t\t<\/div>\n\t<\/div>\n<\/div><\/div><\/div><div class=\"wpb_column vc_column_container vc_col-sm-3\"><div class=\"vc_column-inner\"><div class=\"wpb_wrapper\"><div class=\"vc_icon_element vc_icon_element-outer wpb_animate_when_almost_visible wpb_appear appear vc_icon_element-align-center\"><div class=\"vc_icon_element-inner vc_icon_element-color-custom vc_icon_element-size-xl vc_icon_element-style- vc_icon_element-background-color-grey\" ><span class=\"vc_icon_element-icon fa fa-user\" style=\"color:#fbb042 !important\"><\/span><\/div><\/div>\n\t<div class=\"wpb_text_column wpb_content_element\" >\n\t\t<div class=\"wpb_wrapper\">\n\t\t\t<h1 style=\"text-align: center;\"><strong>397<\/strong><\/h1>\n<p style=\"text-align: center;\">Residentes atendidos<\/p>\n\n\t\t<\/div>\n\t<\/div>\n<\/div><\/div><\/div><div class=\"wpb_column vc_column_container vc_col-sm-3\"><div class=\"vc_column-inner\"><div class=\"wpb_wrapper\"><div class=\"vc_icon_element vc_icon_element-outer wpb_animate_when_almost_visible wpb_appear appear vc_icon_element-align-center\"><div class=\"vc_icon_element-inner vc_icon_element-color-custom vc_icon_element-size-xl vc_icon_element-style- vc_icon_element-background-color-grey\" ><span class=\"vc_icon_element-icon fa fa-users\" style=\"color:#fbb042 !important\"><\/span><\/div><\/div>\n\t<div class=\"wpb_text_column wpb_content_element\" >\n\t\t<div class=\"wpb_wrapper\">\n\t\t\t<h1 style=\"text-align: center;\"><strong>8,752<\/strong><\/h1>\n<p style=\"text-align: center;\">Voluntarios<\/p>\n\n\t\t<\/div>\n\t<\/div>\n<\/div><\/div><\/div><div class=\"wpb_column vc_column_container vc_col-sm-3\"><div class=\"vc_column-inner\"><div class=\"wpb_wrapper\"><div class=\"vc_icon_element vc_icon_element-outer wpb_animate_when_almost_visible wpb_appear appear vc_icon_element-align-center\"><div class=\"vc_icon_element-inner vc_icon_element-color-custom vc_icon_element-size-xl vc_icon_element-style- vc_icon_element-background-color-grey\" ><span class=\"vc_icon_element-icon fa fa-clock-o\" style=\"color:#fbb042 !important\"><\/span><\/div><\/div>\n\t<div class=\"wpb_text_column wpb_content_element\" >\n\t\t<div class=\"wpb_wrapper\">\n\t\t\t<h1 style=\"text-align: center;\">40,000<\/h1>\n<p style=\"text-align: center;\">Horas de voluntariado<\/p>\n\n\t\t<\/div>\n\t<\/div>\n<\/div><\/div><\/div><\/div>\n\t<div class=\"wpb_text_column wpb_content_element\" >\n\t\t<div class=\"wpb_wrapper\">\n\t\t\t<h3 style=\"text-align: center;\"><strong>Entidades comunitarias atendidas<\/strong><\/h3>\n\n\t\t<\/div>\n\t<\/div>\n\n\t<div class=\"wpb_text_column wpb_content_element\" >\n\t\t<div class=\"wpb_wrapper\">\n\t\t\t<p>En 2023, RTSF particip\u00f3 en un esfuerzo de colaboraci\u00f3n que repar\u00f3 y renov\u00f3 10 instalaciones comunitarias en San Francisco. <span style=\"font-weight: 400;\">M\u00e1s de 90 voluntarios se reunieron para apoyar la conexi\u00f3n de los ni\u00f1os con la naturaleza y elevar los centros de desarrollo de la primera infancia durante nuestros D\u00edas de Construcci\u00f3n anuales de oto\u00f1o. En Family Connections, los SHEBuilders aprendieron nuevas t\u00e9cnicas, como taladrar con barrenas, verter hormig\u00f3n y utilizar lijadoras el\u00e9ctricas. Francis retiraron por completo las estructuras de juego antes de lo previsto y completaron la construcci\u00f3n de un nuevo arenero. RTSF se enorgullece de apoyar estos esfuerzos para reducir las disparidades en el acceso a la naturaleza en todo San Francisco.<\/span><\/p>\n<p><strong>Objetivos 2023 para las instalaciones comunitarias:<\/strong><\/p>\n<ul>\n<li style=\"font-weight: 400;\" aria-level=\"2\"><span style=\"font-weight: 400;\">Proporcionar seguridad en el cuidado de los ni\u00f1os que mejore la estabilidad econ\u00f3mica y de la vivienda de las familias con bajos ingresos y promueva el desarrollo saludable, la seguridad y el \u00e9xito a largo plazo de los ni\u00f1os.<\/span><\/li>\n<li style=\"font-weight: 400;\" aria-level=\"2\"><span style=\"font-weight: 400;\">Transformar el lugar donde los ni\u00f1os aprenden y juegan con materiales sostenibles que imitan espacios al aire libre que no suelen estar al alcance de las familias a las que servimos.<\/span><\/li>\n<\/ul>\n\n\t\t<\/div>\n\t<\/div>\n<div class=\"vc_row wpb_row vc_inner vc_row-fluid\"><div class=\"wpb_column vc_column_container vc_col-sm-4\"><div class=\"vc_column-inner\"><div class=\"wpb_wrapper\"><div class=\"vc_icon_element vc_icon_element-outer wpb_animate_when_almost_visible wpb_appear appear vc_icon_element-align-center\"><div class=\"vc_icon_element-inner vc_icon_element-color-custom vc_icon_element-size-xl vc_icon_element-style- vc_icon_element-background-color-grey\" ><span class=\"vc_icon_element-icon fa fa-building\" style=\"color:#7ac143 !important\"><\/span><\/div><\/div>\n\t<div class=\"wpb_text_column wpb_content_element\" >\n\t\t<div class=\"wpb_wrapper\">\n\t\t\t<h1 style=\"text-align: center;\"><strong>10<\/strong><\/h1>\n<p style=\"text-align: center;\">Entidades comunitarias atendidas<\/p>\n\n\t\t<\/div>\n\t<\/div>\n<\/div><\/div><\/div><div class=\"wpb_column vc_column_container vc_col-sm-4\"><div class=\"vc_column-inner\"><div class=\"wpb_wrapper\"><div class=\"vc_icon_element vc_icon_element-outer wpb_animate_when_almost_visible wpb_appear appear vc_icon_element-align-center\"><div class=\"vc_icon_element-inner vc_icon_element-color-custom vc_icon_element-size-xl vc_icon_element-style- vc_icon_element-background-color-grey\" ><span class=\"vc_icon_element-icon fa fa-users\" style=\"color:#7ac143 !important\"><\/span><\/div><\/div>\n\t<div class=\"wpb_text_column wpb_content_element\" >\n\t\t<div class=\"wpb_wrapper\">\n\t\t\t<h1 style=\"text-align: center;\"><strong>+2,500<\/strong><\/h1>\n<p style=\"text-align: center;\">Personas afectadas en los barrios de Portola, Excelsior y OMI<\/p>\n\n\t\t<\/div>\n\t<\/div>\n<\/div><\/div><\/div><div class=\"wpb_column vc_column_container vc_col-sm-4\"><div class=\"vc_column-inner\"><div class=\"wpb_wrapper\"><div class=\"vc_icon_element vc_icon_element-outer wpb_animate_when_almost_visible wpb_appear appear vc_icon_element-align-center\"><div class=\"vc_icon_element-inner vc_icon_element-color-custom vc_icon_element-size-xl vc_icon_element-style- vc_icon_element-background-color-grey\" ><span class=\"vc_icon_element-icon fa fa-child\" style=\"color:#7ac143 !important\"><\/span><\/div><\/div>\n\t<div class=\"wpb_text_column wpb_content_element\" >\n\t\t<div class=\"wpb_wrapper\">\n\t\t\t<h1 style=\"text-align: center;\"><strong>+100<\/strong><\/h1>\n<p style=\"text-align: center;\">Ni\u00f1os atendidos<\/p>\n\n\t\t<\/div>\n\t<\/div>\n<\/div><\/div><\/div><\/div><\/div><\/div><\/div><\/div><div class=\"vc_row wpb_row vc_row-fluid\"><div class=\"wpb_column vc_column_container vc_col-sm-12\"><div class=\"vc_column-inner\"><div class=\"wpb_wrapper\">\n<div class=\"vc_grid-container-wrapper vc_clearfix\">\n\t<div class=\"vc_grid-container vc_clearfix wpb_content_element vc_media_grid\" data-initial-loading-animation=\"fadeIn\" data-vc-grid-settings=\"{&quot;page_id&quot;:10,&quot;style&quot;:&quot;all&quot;,&quot;action&quot;:&quot;vc_get_vc_grid_data&quot;,&quot;shortcode_id&quot;:&quot;1773715732955-23202a68-de42-1&quot;,&quot;tag&quot;:&quot;vc_media_grid&quot;}\" data-vc-request=\"https:\/\/rebuildingtogethersf.org\/wp-admin\/admin-ajax.php\" data-vc-post-id=\"10\" data-vc-public-nonce=\"bc31594cfa\">\n\t\t\n\t<\/div>\n<\/div>\n\t<div class=\"wpb_text_column wpb_content_element\" >\n\t\t<div class=\"wpb_wrapper\">\n\t\t\t<h3 style=\"text-align: center;\"><strong>Demograf\u00eda de nuestros vecinos atendidos<\/strong><\/h3>\n\n\t\t<\/div>\n\t<\/div>\n<\/div><\/div><\/div><\/div><div class=\"vc_row wpb_row vc_row-fluid\"><div class=\"wpb_column vc_column_container vc_col-sm-6\"><div class=\"vc_column-inner\"><div class=\"wpb_wrapper\">\n\t<div  class=\"wpb_single_image wpb_content_element vc_align_center\">\n\t\t\n\t\t<figure class=\"wpb_wrapper vc_figure\">\n\t\t\t<div class=\"vc_single_image-wrapper   vc_box_border_grey\"><img loading=\"lazy\" decoding=\"async\" width=\"300\" height=\"235\" src=\"https:\/\/rebuildingtogethersf.org\/wp-content\/uploads\/2024\/01\/Screenshot-2024-01-16-124149-300x235.png\" class=\"vc_single_image-img attachment-medium\" alt=\"Un gr\u00e1fico circular con los porcentajes de personas en cada c\u00edrculo.\" srcset=\"https:\/\/rebuildingtogethersf.org\/wp-content\/uploads\/2024\/01\/Screenshot-2024-01-16-124149-300x235.png 300w, https:\/\/rebuildingtogethersf.org\/wp-content\/uploads\/2024\/01\/Screenshot-2024-01-16-124149.png 553w\" sizes=\"auto, (max-width: 300px) 100vw, 300px\"  data-dt-location=\"https:\/\/rebuildingtogethersf.org\/es\/get-involved\/screenshot-2024-01-16-124149\/\" \/><\/div>\n\t\t<\/figure>\n\t<\/div>\n\n\t<div class=\"wpb_text_column wpb_content_element\" >\n\t\t<div class=\"wpb_wrapper\">\n\t\t\t<h3 style=\"text-align: center;\"><strong>M\u00e1s del 80% de los vecinos a los que ayudamos se identifican como personas de color.<\/strong><\/h3>\n<p style=\"text-align: center;\"><span style=\"font-weight: 400;\">65% de los vecinos a los que atendemos son personas mayores, 36% con discapacidades, 58% en hogares dirigidos por mujeres y 100% califican como de ingresos extremadamente bajos. En los \u00faltimos tres a\u00f1os, 49% de los vecinos a los que hemos prestado servicios se identifican como negros o afroamericanos y 18% como hispanos o latinos.<\/span><\/p>\n\n\t\t<\/div>\n\t<\/div>\n<\/div><\/div><\/div><div class=\"wpb_column vc_column_container vc_col-sm-6\"><div class=\"vc_column-inner\"><div class=\"wpb_wrapper\">\n\t<div  class=\"wpb_single_image wpb_content_element vc_align_center\">\n\t\t\n\t\t<figure class=\"wpb_wrapper vc_figure\">\n\t\t\t<div class=\"vc_single_image-wrapper   vc_box_border_grey\"><img loading=\"lazy\" decoding=\"async\" width=\"300\" height=\"240\" src=\"https:\/\/rebuildingtogethersf.org\/wp-content\/uploads\/2024\/01\/35th-Anniversary1-1-300x240.jpg\" class=\"vc_single_image-img attachment-medium\" alt=\"Un mapa de la ciudad de san francisco con todos sus\" srcset=\"https:\/\/rebuildingtogethersf.org\/wp-content\/uploads\/2024\/01\/35th-Anniversary1-1-300x240.jpg 300w, https:\/\/rebuildingtogethersf.org\/wp-content\/uploads\/2024\/01\/35th-Anniversary1-1-1024x819.jpg 1024w, https:\/\/rebuildingtogethersf.org\/wp-content\/uploads\/2024\/01\/35th-Anniversary1-1-768x614.jpg 768w, https:\/\/rebuildingtogethersf.org\/wp-content\/uploads\/2024\/01\/35th-Anniversary1-1-1536x1229.jpg 1536w, https:\/\/rebuildingtogethersf.org\/wp-content\/uploads\/2024\/01\/35th-Anniversary1-1-600x480.jpg 600w, https:\/\/rebuildingtogethersf.org\/wp-content\/uploads\/2024\/01\/35th-Anniversary1-1.jpg 2000w\" sizes=\"auto, (max-width: 300px) 100vw, 300px\"  data-dt-location=\"https:\/\/rebuildingtogethersf.org\/es\/get-involved\/35th-anniversary1\/\" \/><\/div>\n\t\t<\/figure>\n\t<\/div>\n\n\t<div class=\"wpb_text_column wpb_content_element\" >\n\t\t<div class=\"wpb_wrapper\">\n\t\t\t<h3 style=\"text-align: center;\"><strong>RTSF atiende principalmente a barrios excluidos y con pocos recursos de las zonas hist\u00f3ricamente negras del sureste de San Francisco.<\/strong><\/h3>\n<p style=\"text-align: center;\"><span style=\"font-weight: 400;\">Los barrios de los que recibimos muchas solicitudes de reparaci\u00f3n son principalmente Bayview-Hunters Point, Visitacion Valley, Excelsior y OMI.<\/span><\/p>\n\n\t\t<\/div>\n\t<\/div>\n<\/div><\/div><\/div><\/div><div class=\"vc_row wpb_row vc_row-fluid\"><div class=\"wpb_column vc_column_container vc_col-sm-12\"><div class=\"vc_column-inner\"><div class=\"wpb_wrapper\">\n\t<div  class=\"wpb_single_image wpb_content_element vc_align_center\">\n\t\t\n\t\t<figure class=\"wpb_wrapper vc_figure\">\n\t\t\t<div class=\"vc_single_image-wrapper   vc_box_border_grey\"><img loading=\"lazy\" decoding=\"async\" class=\"vc_single_image-img\" src=\"https:\/\/rebuildingtogethersf.org\/wp-content\/uploads\/2024\/01\/Image_20230822_140655_131-Copy-500x400.jpg\" width=\"500\" height=\"400\" alt=\"Dos hombres de pie uno junto al otro delante de un edificio.\" title=\"Image_20230822_140655_131 - Copiar\"  data-dt-location=\"https:\/\/rebuildingtogethersf.org\/es\/get-involved\/image_20230822_140655_131-copy\/\" \/><\/div>\n\t\t<\/figure>\n\t<\/div>\n<\/div><\/div><\/div><\/div><div class=\"vc_row wpb_row vc_row-fluid\"><div class=\"wpb_column vc_column_container vc_col-sm-12\"><div class=\"vc_column-inner\"><div class=\"wpb_wrapper\">\n\t<div class=\"wpb_text_column wpb_content_element\" >\n\t\t<div class=\"wpb_wrapper\">\n\t\t\t<blockquote>\n<p style=\"text-align: center;\"><i><span style=\"font-weight: 400;\">\"Estamos muy contentos con todos los progresos realizados. Todas las reparaciones han hecho mi vida mucho m\u00e1s f\u00e1cil, especialmente todo el trabajo en el cuarto de ba\u00f1o. Reconstruyendo Juntos hizo grandes sugerencias que han mejorado nuestras vidas. La mejora de la iluminaci\u00f3n y la barandilla de la planta baja son muy \u00fatiles. Todo el mundo era muy agradable y realmente sent\u00ed como llegamos a conocer a los voluntarios y el personal. Estrellas por todos lados\".<\/span><\/i><\/p>\n<\/blockquote>\n\n\t\t<\/div>\n\t<\/div>\n<\/div><\/div><\/div><\/div><div class=\"vc_row wpb_row vc_row-fluid\"><div class=\"wpb_column vc_column_container vc_col-sm-12\"><div class=\"vc_column-inner\"><div class=\"wpb_wrapper\">\n<div class=\"vc-zigzag-wrapper vc-zigzag-align-center\"><div class=\"vc-zigzag-inner\" style=\"width: 100%;min-height: 10px;background: 0 repeat-x url(&#039;data:image\/svg+xml;utf-8,%3C%3Fxml%20version%3D%221.0%22%20encoding%3D%22utf-8%22%3F%3E%3C%21DOCTYPE%20svg%20PUBLIC%20%22-%2F%2FW3C%2F%2FDTD%20SVG%201.1%2F%2FEN%22%20%22http%3A%2F%2Fwww.w3.org%2FGraphics%2FSVG%2F1.1%2FDTD%2Fsvg11.dtd%22%3E%3Csvg%20width%3D%2210px%22%20height%3D%228px%22%20viewBox%3D%220%200%2018%2015%22%20version%3D%221.1%22%20xmlns%3D%22http%3A%2F%2Fwww.w3.org%2F2000%2Fsvg%22%20xmlns%3Axlink%3D%22http%3A%2F%2Fwww.w3.org%2F1999%2Fxlink%22%3E%3Cpolygon%20id%3D%22Combined-Shape%22%20fill%3D%22%237ac143%22%20points%3D%228.98762301%200%200%209.12771969%200%2014.519983%209%205.40479869%2018%2014.519983%2018%209.12771969%22%3E%3C%2Fpolygon%3E%3C%2Fsvg%3E&#039;);\"><\/div><\/div>\n\t<div class=\"wpb_text_column wpb_content_element\" >\n\t\t<div class=\"wpb_wrapper\">\n\t\t\t<blockquote>\n<p style=\"text-align: center;\"><i><span style=\"font-weight: 400;\">\"Las reparaciones han sido absolutamente maravillosas. La campana sobre la estufa que hac\u00eda tanto ruido ha sido sustituida. Puedo cerrar la puerta del ba\u00f1o para tener intimidad. Tambi\u00e9n han arreglado la puerta principal para que cierre bien. Estoy muy agradecida por el trabajo realizado. El personal ha sido maravilloso trabajando conmigo y negociando para que se hicieran las reparaciones. Estoy encantada\".<\/span><\/i><\/p>\n<p style=\"text-align: center;\"><strong>E. Dyson, Barrio Ingleside<\/strong><\/p>\n<\/blockquote>\n\n\t\t<\/div>\n\t<\/div>\n\n<div class=\"vc-zigzag-wrapper vc-zigzag-align-center\"><div class=\"vc-zigzag-inner\" style=\"width: 100%;min-height: 10px;background: 0 repeat-x url(&#039;data:image\/svg+xml;utf-8,%3C%3Fxml%20version%3D%221.0%22%20encoding%3D%22utf-8%22%3F%3E%3C%21DOCTYPE%20svg%20PUBLIC%20%22-%2F%2FW3C%2F%2FDTD%20SVG%201.1%2F%2FEN%22%20%22http%3A%2F%2Fwww.w3.org%2FGraphics%2FSVG%2F1.1%2FDTD%2Fsvg11.dtd%22%3E%3Csvg%20width%3D%2210px%22%20height%3D%228px%22%20viewBox%3D%220%200%2018%2015%22%20version%3D%221.1%22%20xmlns%3D%22http%3A%2F%2Fwww.w3.org%2F2000%2Fsvg%22%20xmlns%3Axlink%3D%22http%3A%2F%2Fwww.w3.org%2F1999%2Fxlink%22%3E%3Cpolygon%20id%3D%22Combined-Shape%22%20fill%3D%22%237ac143%22%20points%3D%228.98762301%200%200%209.12771969%200%2014.519983%209%205.40479869%2018%2014.519983%2018%209.12771969%22%3E%3C%2Fpolygon%3E%3C%2Fsvg%3E&#039;);\"><\/div><\/div>\n\t<div class=\"wpb_text_column wpb_content_element\" >\n\t\t<div class=\"wpb_wrapper\">\n\t\t\t<blockquote>\n<p style=\"text-align: center;\"><em><span style=\"font-weight: 400;\">Durante las tormentas del a\u00f1o pasado, la puerta corredera trasera de A.G. se hizo a\u00f1icos y se dio cuenta de que sus ventanas goteaban, causando da\u00f1os en las paredes que hab\u00eda debajo. Para evitar que esto empeorara durante las siguientes tormentas invernales, RTSF sustituy\u00f3 la puerta corredera y sell\u00f3 las ventanas. Adem\u00e1s, reparamos las paredes bajo las ventanas e instalamos un escal\u00f3n en su patio trasero para que pudiera acceder a \u00e9l con seguridad. Este invierno, A.G. estaba segura de que no habr\u00eda entrada de agua en su casa.<\/span><\/em><\/p>\n<p style=\"text-align: center;\"><strong>A. Gleaves, barrio de Sunnydale<\/strong><\/p>\n<\/blockquote>\n\n\t\t<\/div>\n\t<\/div>\n<\/div><\/div><\/div><\/div><div class=\"vc_row wpb_row vc_row-fluid\"><div class=\"wpb_column vc_column_container vc_col-sm-12\"><div class=\"vc_column-inner\"><div class=\"wpb_wrapper\">\n\t<div class=\"wpb_text_column wpb_content_element\" >\n\t\t<div class=\"wpb_wrapper\">\n\t\t\t<h3 style=\"text-align: center;\"><strong>En 2023, RTSF atend\u00eda principalmente a residentes en San Francisco:<\/strong><\/h3>\n\n\t\t<\/div>\n\t<\/div>\n\n\t<div class=\"wpb_text_column wpb_content_element\" >\n\t\t<div class=\"wpb_wrapper\">\n\t\t\t<h4 style=\"text-align: center;\"><img loading=\"lazy\" decoding=\"async\" class=\"wp-image-1907 aligncenter\" src=\"https:\/\/rebuildingtogethersf.org\/wp-content\/uploads\/2024\/01\/2-300x300.jpg\" alt=\"Un logotipo de reconstruir juntos san francisco\" width=\"254\" height=\"254\" \/>-Con una renta media de $21.000<\/h4>\n<h4 style=\"text-align: center;\">-71 a\u00f1os de edad media<\/h4>\n<h4 style=\"text-align: center;\">-Hace 32 a\u00f1os que viven en sus casas<\/h4>\n<h4 style=\"text-align: center;\">- Vivir en hogares multigeneracionales<\/h4>\n\n\t\t<\/div>\n\t<\/div>\n<\/div><\/div><\/div><\/div><div id=\"inthenews\" class=\"vc_row wpb_row vc_row-fluid\"><div class=\"wpb_column vc_column_container vc_col-sm-12\"><div class=\"vc_column-inner\"><div class=\"wpb_wrapper\"><div class=\"hr-thin style-line accent-border-color hr-left\" style=\"width: 100%;border-top-width: 2px;\"><\/div>\n\t<div class=\"wpb_text_column wpb_content_element\" >\n\t\t<div class=\"wpb_wrapper\">\n\t\t\t\n\t\t<\/div>\n\t<\/div>\n\n\t<div class=\"wpb_text_column wpb_content_element\" >\n\t\t<div class=\"wpb_wrapper\">\n\t\t\t<h2>En las noticias<\/h2>\n\n\t\t<\/div>\n\t<\/div>\n\n\t<div class=\"wpb_text_column wpb_content_element\" >\n\t\t<div class=\"wpb_wrapper\">\n\t\t\t<p><strong>V\u00eddeo del MRN 2025 de la RTSF: <\/strong>30 de mayo de 2025<\/p>\n<p>Vea nuestro v\u00eddeo NRM 2025 y compruebe el alcance del trabajo realizado por todos nuestros incre\u00edbles voluntarios y el impacto que tiene en la comunidad de San Francisco. <a href=\"https:\/\/youtu.be\/6Ow9YMBwbV8?feature=shared\">Puede consultarlo aqu\u00ed.<\/a><\/p>\n<p>&nbsp;<\/p>\n<p><strong>V\u00eddeo del 35 aniversario de la RTSF: <\/strong>26 de septiembre de 2024<\/p>\n<p>Vea el v\u00eddeo de nuestro 35 aniversario y compruebe c\u00f3mo las reparaciones cr\u00edticas de viviendas en las que hemos trabajado han repercutido positivamente en la vida de nuestros vecinos. <a href=\"https:\/\/drive.google.com\/file\/d\/1SXHBNs7S_GLpcoG9hmI6uDaZ9L9nNxx8\/view?usp=sharing\">Puede consultarlo aqu\u00ed.<\/a><\/p>\n<p>&nbsp;<\/p>\n<p><strong>Bolet\u00edn de primavera: <\/strong>27 de marzo de 2024<\/p>\n<p>El reciente bolet\u00edn de la RTSF, en el que se destacan pr\u00f3ximos acontecimientos e informaci\u00f3n de inter\u00e9s. <a href=\"https:\/\/mailchi.mp\/8ba666db9bd7\/fall-is-here-9412287\">Puede consultarlo aqu\u00ed.<\/a><\/p>\n<p>&nbsp;<\/p>\n<p><strong>KTVU: <\/strong>22 de octubre de 2023<\/p>\n<p>Cubri\u00f3 el trabajo de nuestros Fall Build Days 2023 y She Builds. <a href=\"https:\/\/drive.google.com\/file\/d\/1Qgl7N-L-LYTUVT4PWsyqdZ14aoPMmJB4\/view?usp=sharing\">Vea el segmento de noticias aqu\u00ed.<\/a><\/p>\n<p>&nbsp;<\/p>\n<p><strong>Bolet\u00edn de oto\u00f1o: <\/strong>20 de septiembre de 2023<\/p>\n<p>El reciente bolet\u00edn de la RTSF, en el que se destacan pr\u00f3ximos acontecimientos e informaci\u00f3n de inter\u00e9s. <a href=\"https:\/\/mailchi.mp\/29329cf2da11\/fall-is-here\">Puede consultarlo aqu\u00ed.<\/a><\/p>\n<p>&nbsp;<\/p>\n<p><strong>Radio KCBS: <\/strong>1 de mayo de 2022<\/p>\n<p>Hizo un perfil de nuestro trabajo en casa de la Sra. Yollin. <a href=\"https:\/\/www.audacy.com\/kcbsradio\/podcasts\/kcbs-on-demand-20757\/women-led-crews-volunteer-time-to-help-sf-homeowners-with-much-needed-maintenance-1393243311\">Puede escucharlo aqu\u00ed.<\/a><\/p>\n<p>&nbsp;<\/p>\n<p><strong>ABC\/KGO: <\/strong>30 de abril de 2022<\/p>\n<p>Cubri\u00f3 el trabajo de nuestra organizaci\u00f3n y de She Builds. <a href=\"https:\/\/rebuildingtogethersf.org\/wp-content\/uploads\/2022\/06\/REBUILDING-TOGETHER-SF.mp4\">Vea el segmento de noticias aqu\u00ed.<\/a><\/p>\n\n\t\t<\/div>\n\t<\/div>\n<\/div><\/div><\/div><\/div><div data-vc-full-width=\"true\" data-vc-full-width-init=\"false\" class=\"vc_row wpb_row vc_row-fluid vc_custom_1540346067590 vc_row-has-fill\"><div class=\"wpb_column vc_column_container vc_col-sm-12\"><div class=\"vc_column-inner\"><div class=\"wpb_wrapper\">\n\t<div class=\"wpb_text_column wpb_content_element  light\" >\n\t\t<div class=\"wpb_wrapper\">\n\t\t\t<h2 style=\"text-align: center;\">Mant\u00e9ngase al d\u00eda con Rebuilding Together SF<\/h2>\n\n\t\t<\/div>\n\t<\/div>\n<style type=\"text\/css\" data-type=\"the7_shortcodes-inline-css\">#default-btn-02f3d2e005bb239b3496c0365b67af88:not(:hover) {\n  background: #ffffff !important;\n  color: #60bb46;\n}\n#default-btn-02f3d2e005bb239b3496c0365b67af88:not(:hover) * {\n  color: #60bb46;\n}\n.btn-3d #default-btn-02f3d2e005bb239b3496c0365b67af88:not(:hover) {\n  border-bottom-color: #e0e0e0;\n}\n#default-btn-02f3d2e005bb239b3496c0365b67af88:hover {\n  background: rgba(255,255,255,0.94) !important;\n  color: #60bb46;\n}\n#default-btn-02f3d2e005bb239b3496c0365b67af88:hover * {\n  color: #60bb46;\n}\n.btn-3d #default-btn-02f3d2e005bb239b3496c0365b67af88:hover {\n  border-bottom-color: rgba(224,224,224,0.94);\n}\n#default-btn-02f3d2e005bb239b3496c0365b67af88 > i {\n  font-size: 11px;\n}\n#default-btn-02f3d2e005bb239b3496c0365b67af88 * {\n  vertical-align: middle;\n}\n<\/style><div class=\"btn-align-center\"><a href=\"\/es\/boletin\/\" class=\"default-btn-shortcode dt-btn dt-btn-l\" id=\"default-btn-02f3d2e005bb239b3496c0365b67af88\"><span>Suscr\u00edbase a nuestro bolet\u00edn<\/span><\/a><\/div><\/div><\/div><\/div><\/div><div class=\"vc_row-full-width vc_clearfix\"><\/div><!-- Row Backgrounds --><div class=\"upb_color\" data-bg-override=\"0\" data-bg-color=\"\" data-fadeout=\"\" data-fadeout-percentage=\"30\" data-parallax-content=\"\" data-parallax-content-sense=\"30\" data-row-effect-mobile-disable=\"true\" data-img-parallax-mobile-disable=\"true\" data-rtl=\"false\"  data-custom-vc-row=\"\"  data-vc=\"6.0.5\"  data-is_old_vc=\"\"  data-theme-support=\"\"   data-overlay=\"false\" data-overlay-color=\"\" data-overlay-pattern=\"\" data-overlay-pattern-opacity=\"\" data-overlay-pattern-size=\"\"    ><\/div><div class=\"vc_row wpb_row vc_row-fluid\"><div class=\"wpb_column vc_column_container vc_col-sm-12\"><div class=\"vc_column-inner\"><div class=\"wpb_wrapper\"><\/div><\/div><\/div><\/div><div class=\"vc_row wpb_row vc_row-fluid\"><div class=\"wpb_column vc_column_container vc_col-sm-12\"><div class=\"vc_column-inner\"><div class=\"wpb_wrapper\"><\/div><\/div><\/div><\/div><div class=\"vc_row wpb_row vc_row-fluid\"><div class=\"wpb_column vc_column_container vc_col-sm-12\"><div class=\"vc_column-inner\"><div class=\"wpb_wrapper\"><\/div><\/div><\/div><\/div><div class=\"vc_row wpb_row vc_row-fluid\"><div class=\"wpb_column vc_column_container vc_col-sm-12\"><div class=\"vc_column-inner\"><div class=\"wpb_wrapper\"><div class=\"vc_separator wpb_content_element vc_separator_align_center vc_sep_width_100 vc_sep_pos_align_center vc_separator_no_text vc_sep_color_grey\" ><span class=\"vc_sep_holder vc_sep_holder_l\"><span  class=\"vc_sep_line\"><\/span><\/span><span class=\"vc_sep_holder vc_sep_holder_r\"><span  class=\"vc_sep_line\"><\/span><\/span>\n<\/div><\/div><\/div><\/div><\/div><div class=\"vc_row wpb_row vc_row-fluid\"><div class=\"wpb_column vc_column_container vc_col-sm-12\"><div class=\"vc_column-inner\"><div class=\"wpb_wrapper\"><\/div><\/div><\/div><\/div><div class=\"vc_row wpb_row vc_row-fluid\"><div class=\"wpb_column vc_column_container vc_col-sm-12\"><div class=\"vc_column-inner\"><div class=\"wpb_wrapper\"><div class=\"smile_icon_list_wrap ult_info_list_container ult-adjust-bottom-margin\"><ul class=\"smile_icon_list left square with_bg\"><\/ul><\/div><\/div><\/div><\/div><\/div><div class=\"vc_row wpb_row vc_row-fluid\"><div class=\"wpb_column vc_column_container vc_col-sm-12\"><div class=\"vc_column-inner\"><div class=\"wpb_wrapper\">\n\t<div class=\"wpb_text_column wpb_content_element\" >\n\t\t<div class=\"wpb_wrapper\">\n\t\t\t\n\t\t<\/div>\n\t<\/div>\n<\/div><\/div><\/div><\/div><div class=\"vc_row wpb_row vc_row-fluid\"><div class=\"wpb_column vc_column_container vc_col-sm-12\"><div class=\"vc_column-inner\"><div class=\"wpb_wrapper\"><\/div><\/div><\/div><\/div>","protected":false},"excerpt":{"rendered":"<p>Nuestros voluntarios de oficios especializados Carpinteros, fontaneros, electricistas, paisajistas y obreros apoyan las reparaciones cr\u00edticas de viviendas y comunidades para nuestros vecinos. Su donaci\u00f3n de habilidades y experiencia nos permite aprovechar las donaciones para triplicar el valor de nuestro trabajo. \u00a1Inscr\u00edbase para obtener m\u00e1s informaci\u00f3n y utilizar sus habilidades para servir! Voluntario General del D\u00eda de Construcci\u00f3n Comunitaria...<\/p>","protected":false},"author":1,"featured_media":0,"parent":0,"menu_order":0,"comment_status":"closed","ping_status":"closed","template":"","meta":{"give_campaign_id":0,"om_disable_all_campaigns":false,"_monsterinsights_skip_tracking":false,"_monsterinsights_sitenote_active":false,"_monsterinsights_sitenote_note":"","_monsterinsights_sitenote_category":0},"class_list":["post-10","page","type-page","status-publish","hentry","description-off"],"yoast_head":"<!-- This site is optimized with the Yoast SEO plugin v27.4 - https:\/\/yoast.com\/product\/yoast-seo-wordpress\/ -->\n<title>Our Reach - Rebuilding Together SF<\/title>\n<meta name=\"robots\" content=\"index, follow, max-snippet:-1, max-image-preview:large, max-video-preview:-1\" \/>\n<link rel=\"canonical\" href=\"https:\/\/rebuildingtogethersf.org\/es\/participa\/\" \/>\n<meta property=\"og:locale\" content=\"es_MX\" \/>\n<meta property=\"og:type\" content=\"article\" \/>\n<meta property=\"og:title\" content=\"Our Reach - Rebuilding Together SF\" \/>\n<meta property=\"og:url\" content=\"https:\/\/rebuildingtogethersf.org\/es\/participa\/\" \/>\n<meta property=\"og:site_name\" content=\"Rebuilding Together SF\" \/>\n<meta property=\"article:modified_time\" content=\"2026-03-17T02:57:43+00:00\" \/>\n<meta property=\"og:image\" content=\"https:\/\/rebuildingtogethersf.org\/wp-content\/uploads\/2024\/01\/2-300x300.jpg\" \/>\n<meta name=\"twitter:card\" content=\"summary_large_image\" \/>\n<meta name=\"twitter:label1\" content=\"Tiempo de lectura\" \/>\n\t<meta name=\"twitter:data1\" content=\"7 minutos\" \/>\n<script type=\"application\/ld+json\" class=\"yoast-schema-graph\">{\"@context\":\"https:\\\/\\\/schema.org\",\"@graph\":[{\"@type\":\"WebPage\",\"@id\":\"https:\\\/\\\/rebuildingtogethersf.org\\\/get-involved\\\/\",\"url\":\"https:\\\/\\\/rebuildingtogethersf.org\\\/get-involved\\\/\",\"name\":\"Our Reach - Rebuilding Together SF\",\"isPartOf\":{\"@id\":\"https:\\\/\\\/rebuildingtogethersf.org\\\/#website\"},\"primaryImageOfPage\":{\"@id\":\"https:\\\/\\\/rebuildingtogethersf.org\\\/get-involved\\\/#primaryimage\"},\"image\":{\"@id\":\"https:\\\/\\\/rebuildingtogethersf.org\\\/get-involved\\\/#primaryimage\"},\"thumbnailUrl\":\"https:\\\/\\\/rebuildingtogethersf.org\\\/wp-content\\\/uploads\\\/2024\\\/01\\\/2-300x300.jpg\",\"datePublished\":\"2018-08-21T02:34:33+00:00\",\"dateModified\":\"2026-03-17T02:57:43+00:00\",\"breadcrumb\":{\"@id\":\"https:\\\/\\\/rebuildingtogethersf.org\\\/get-involved\\\/#breadcrumb\"},\"inLanguage\":\"es\",\"potentialAction\":[{\"@type\":\"ReadAction\",\"target\":[\"https:\\\/\\\/rebuildingtogethersf.org\\\/get-involved\\\/\"]}]},{\"@type\":\"ImageObject\",\"inLanguage\":\"es\",\"@id\":\"https:\\\/\\\/rebuildingtogethersf.org\\\/get-involved\\\/#primaryimage\",\"url\":\"https:\\\/\\\/rebuildingtogethersf.org\\\/wp-content\\\/uploads\\\/2024\\\/01\\\/2-300x300.jpg\",\"contentUrl\":\"https:\\\/\\\/rebuildingtogethersf.org\\\/wp-content\\\/uploads\\\/2024\\\/01\\\/2-300x300.jpg\"},{\"@type\":\"BreadcrumbList\",\"@id\":\"https:\\\/\\\/rebuildingtogethersf.org\\\/get-involved\\\/#breadcrumb\",\"itemListElement\":[{\"@type\":\"ListItem\",\"position\":1,\"name\":\"Home\",\"item\":\"https:\\\/\\\/rebuildingtogethersf.org\\\/\"},{\"@type\":\"ListItem\",\"position\":2,\"name\":\"Our Reach\"}]},{\"@type\":\"WebSite\",\"@id\":\"https:\\\/\\\/rebuildingtogethersf.org\\\/#website\",\"url\":\"https:\\\/\\\/rebuildingtogethersf.org\\\/\",\"name\":\"Rebuilding Together SF\",\"description\":\"Repairing homes, revitalizing communities, rebuilding lives!\",\"potentialAction\":[{\"@type\":\"SearchAction\",\"target\":{\"@type\":\"EntryPoint\",\"urlTemplate\":\"https:\\\/\\\/rebuildingtogethersf.org\\\/?s={search_term_string}\"},\"query-input\":{\"@type\":\"PropertyValueSpecification\",\"valueRequired\":true,\"valueName\":\"search_term_string\"}}],\"inLanguage\":\"es\"}]}<\/script>\n<!-- \/ Yoast SEO plugin. -->","yoast_head_json":{"title":"Nuestro alcance - Reconstruyendo Juntos SF","robots":{"index":"index","follow":"follow","max-snippet":"max-snippet:-1","max-image-preview":"max-image-preview:large","max-video-preview":"max-video-preview:-1"},"canonical":"https:\/\/rebuildingtogethersf.org\/es\/participa\/","og_locale":"es_MX","og_type":"article","og_title":"Our Reach - Rebuilding Together SF","og_url":"https:\/\/rebuildingtogethersf.org\/es\/participa\/","og_site_name":"Rebuilding Together SF","article_modified_time":"2026-03-17T02:57:43+00:00","og_image":[{"url":"https:\/\/rebuildingtogethersf.org\/wp-content\/uploads\/2024\/01\/2-300x300.jpg","type":"","width":"","height":""}],"twitter_card":"summary_large_image","twitter_misc":{"Tiempo de lectura":"7 minutos"},"schema":{"@context":"https:\/\/schema.org","@graph":[{"@type":"WebPage","@id":"https:\/\/rebuildingtogethersf.org\/get-involved\/","url":"https:\/\/rebuildingtogethersf.org\/get-involved\/","name":"Nuestro alcance - Reconstruyendo Juntos SF","isPartOf":{"@id":"https:\/\/rebuildingtogethersf.org\/#website"},"primaryImageOfPage":{"@id":"https:\/\/rebuildingtogethersf.org\/get-involved\/#primaryimage"},"image":{"@id":"https:\/\/rebuildingtogethersf.org\/get-involved\/#primaryimage"},"thumbnailUrl":"https:\/\/rebuildingtogethersf.org\/wp-content\/uploads\/2024\/01\/2-300x300.jpg","datePublished":"2018-08-21T02:34:33+00:00","dateModified":"2026-03-17T02:57:43+00:00","breadcrumb":{"@id":"https:\/\/rebuildingtogethersf.org\/get-involved\/#breadcrumb"},"inLanguage":"es","potentialAction":[{"@type":"ReadAction","target":["https:\/\/rebuildingtogethersf.org\/get-involved\/"]}]},{"@type":"ImageObject","inLanguage":"es","@id":"https:\/\/rebuildingtogethersf.org\/get-involved\/#primaryimage","url":"https:\/\/rebuildingtogethersf.org\/wp-content\/uploads\/2024\/01\/2-300x300.jpg","contentUrl":"https:\/\/rebuildingtogethersf.org\/wp-content\/uploads\/2024\/01\/2-300x300.jpg"},{"@type":"BreadcrumbList","@id":"https:\/\/rebuildingtogethersf.org\/get-involved\/#breadcrumb","itemListElement":[{"@type":"ListItem","position":1,"name":"Home","item":"https:\/\/rebuildingtogethersf.org\/"},{"@type":"ListItem","position":2,"name":"Our Reach"}]},{"@type":"WebSite","@id":"https:\/\/rebuildingtogethersf.org\/#website","url":"https:\/\/rebuildingtogethersf.org\/","name":"Reconstruyendo Juntos SF","description":"Reparar hogares, revitalizar comunidades, reconstruir vidas.","potentialAction":[{"@type":"SearchAction","target":{"@type":"EntryPoint","urlTemplate":"https:\/\/rebuildingtogethersf.org\/?s={search_term_string}"},"query-input":{"@type":"PropertyValueSpecification","valueRequired":true,"valueName":"search_term_string"}}],"inLanguage":"es"}]}},"campaignId":"","_links":{"self":[{"href":"https:\/\/rebuildingtogethersf.org\/es\/wp-json\/wp\/v2\/pages\/10","targetHints":{"allow":["GET"]}}],"collection":[{"href":"https:\/\/rebuildingtogethersf.org\/es\/wp-json\/wp\/v2\/pages"}],"about":[{"href":"https:\/\/rebuildingtogethersf.org\/es\/wp-json\/wp\/v2\/types\/page"}],"author":[{"embeddable":true,"href":"https:\/\/rebuildingtogethersf.org\/es\/wp-json\/wp\/v2\/users\/1"}],"replies":[{"embeddable":true,"href":"https:\/\/rebuildingtogethersf.org\/es\/wp-json\/wp\/v2\/comments?post=10"}],"version-history":[{"count":224,"href":"https:\/\/rebuildingtogethersf.org\/es\/wp-json\/wp\/v2\/pages\/10\/revisions"}],"predecessor-version":[{"id":2136,"href":"https:\/\/rebuildingtogethersf.org\/es\/wp-json\/wp\/v2\/pages\/10\/revisions\/2136"}],"wp:attachment":[{"href":"https:\/\/rebuildingtogethersf.org\/es\/wp-json\/wp\/v2\/media?parent=10"}],"curies":[{"name":"wp","href":"https:\/\/api.w.org\/{rel}","templated":true}]}}