{"id":251,"date":"2018-09-02T04:09:23","date_gmt":"2018-09-02T04:09:23","guid":{"rendered":"http:\/\/rebuildingtogethersf.org\/?page_id=251"},"modified":"2026-02-10T06:37:04","modified_gmt":"2026-02-10T06:37:04","slug":"quienes-somos","status":"publish","type":"page","link":"https:\/\/rebuildingtogethersf.org\/es\/who-we-are\/","title":{"rendered":"Nuestra historia"},"content":{"rendered":"<div class=\"vc_row wpb_row vc_row-fluid\"><div class=\"wpb_column vc_column_container vc_col-sm-12\"><div class=\"vc_column-inner\"><div class=\"wpb_wrapper\">\n\t<div class=\"wpb_text_column wpb_content_element\" >\n\t\t<div class=\"wpb_wrapper\">\n\t\t\t<div id=\"aboutus\" data-vc-full-width=\"true\" data-vc-full-width-init=\"false\" class=\"vc_row wpb_row vc_row-fluid\"><\/div><div class=\"vc_row-full-width vc_clearfix\"><\/div><!-- Row Backgrounds --><div class=\"upb_bg_img\" data-ultimate-bg=\"url(https:\/\/rebuildingtogethersf.org\/wp-content\/uploads\/2018\/09\/RBSF-OurMission.jpg)\" data-image-id=\"id^206|url^https:\/\/rebuildingtogethersf.org\/wp-content\/uploads\/2018\/09\/RBSF-OurMission.jpg|caption^null|alt^null|title^RBSF-OurMission|description^null\" data-ultimate-bg-style=\"vcpb-vz-jquery\" data-bg-img-repeat=\"no-repeat\" data-bg-img-size=\"cover\" data-bg-img-position=\"\" data-parallx_sense=\"30\" data-bg-override=\"0\" data-bg_img_attach=\"scroll\" data-upb-overlay-color=\"rgba(255,255,255,0.61)\" data-upb-bg-animation=\"\" data-fadeout=\"\" data-bg-animation=\"left-animation\" data-bg-animation-type=\"h\" data-animation-repeat=\"repeat\" data-fadeout-percentage=\"30\" data-parallax-content=\"\" data-parallax-content-sense=\"30\" data-row-effect-mobile-disable=\"true\" data-img-parallax-mobile-disable=\"true\" data-rtl=\"false\"  data-custom-vc-row=\"\"  data-vc=\"6.0.5\"  data-is_old_vc=\"\"  data-theme-support=\"\"   data-overlay=\"true\" data-overlay-color=\"rgba(255,255,255,0.61)\" data-overlay-pattern=\"\" data-overlay-pattern-opacity=\"0.8\" data-overlay-pattern-size=\"\" data-overlay-pattern-attachment=\"scroll\"    ><\/div><div class=\"wpb_column vc_column_container vc_col-sm-12\"><div class=\"vc_column-inner\"><div class=\"wpb_wrapper\"><\/div><\/div><\/div>\n\t<div class=\"wpb_text_column wpb_content_element\" >\n\t\t<div class=\"wpb_wrapper\">\n\t\t\t\n\t\t<\/div>\n\t<\/div>\n<h1>Nuestra historia<\/h1>\n\n\t\t<\/div>\n\t<\/div>\n\n\t<div class=\"wpb_text_column wpb_content_element\" >\n\t\t<div class=\"wpb_wrapper\">\n\t\t\t<h3>En Rebuilding Together San Francisco, proporcionamos reparaciones y renovaciones esenciales para ayudar a nuestros vecinos a permanecer en sus hogares y comunidades.<\/h3>\n\n\t\t<\/div>\n\t<\/div>\n<\/div><\/div><\/div><\/div><div id=\"aboutus\" class=\"vc_row wpb_row vc_row-fluid\"><div class=\"wpb_column vc_column_container vc_col-sm-12\"><div class=\"vc_column-inner\"><div class=\"wpb_wrapper\">\n\t<div class=\"wpb_text_column wpb_content_element\" >\n\t\t<div class=\"wpb_wrapper\">\n\t\t\t\n\t\t<\/div>\n\t<\/div>\n<div class=\"vc_row wpb_row vc_inner vc_row-fluid\"><div class=\"wpb_column vc_column_container vc_col-sm-6\"><div class=\"vc_column-inner\"><div class=\"wpb_wrapper\">\n\t<div class=\"wpb_text_column wpb_content_element\" >\n\t\t<div class=\"wpb_wrapper\">\n\t\t\t<h2 style=\"text-align: center;\"><span style=\"color: #60bb46;\">Nuestra misi\u00f3n<\/span><\/h2>\n<p style=\"text-align: center;\">Reparar hogares, revitalizar comunidades, reconstruir vidas.<\/p>\n\n\t\t<\/div>\n\t<\/div>\n\n\t<div class=\"wpb_text_column wpb_content_element\" >\n\t\t<div class=\"wpb_wrapper\">\n\t\t\t\n\t\t<\/div>\n\t<\/div>\n<\/div><\/div><\/div><div class=\"wpb_column vc_column_container vc_col-sm-6\"><div class=\"vc_column-inner\"><div class=\"wpb_wrapper\">\n\t<div class=\"wpb_text_column wpb_content_element\" >\n\t\t<div class=\"wpb_wrapper\">\n\t\t\t<h2 style=\"text-align: center;\"><span style=\"color: #60bb46;\">Nuestra visi\u00f3n<\/span><\/h2>\n<p style=\"text-align: center;\">Hogares y comunidades seguros para todos.<\/p>\n\n\t\t<\/div>\n\t<\/div>\n<\/div><\/div><\/div><\/div>\n\t<div class=\"wpb_text_column wpb_content_element\" >\n\t\t<div class=\"wpb_wrapper\">\n\t\t\t<h3><span style=\"color: #333333;\">Qui\u00e9nes somos<\/span><\/h3>\n<p class=\"rtecenter\"><span style=\"color: #808080;\">Fundada en 1989 en respuesta al terremoto de Loma Prieta, hemos trabajado en colaboraci\u00f3n para preservar viviendas asequibles en San Francisco abordando reparaciones de seguridad en el hogar, mantenimiento diferido e infracciones de c\u00f3digos. Hemos atendido a m\u00e1s de 4.000 familias con bajos ingresos y trabajado con m\u00e1s de 300 espacios comunitarios de San Francisco. Como resultado de nuestro trabajo, RTSF estabiliza a los residentes y evita el desplazamiento de las poblaciones m\u00e1s vulnerables de San Francisco. Nos comprometemos a ayudar a nuestras comunidades a reconstruirse mediante <a href=\"https:\/\/rebuildingtogethersf.org\/es\/participa\/#!\/ourimpact\" target=\"_blank\" rel=\"noopener noreferrer\" data-saferedirecturl=\"https:\/\/www.google.com\/url?q=https:\/\/rebuildingtogethersf.org\/get-involved\/%23!\/ourimpact&amp;source=gmail&amp;ust=1631911776893000&amp;usg=AFQjCNErEonK0btb5LrunfiasxMXI4cTmg\">Revitalizaci\u00f3n comunitaria.<\/a><\/span><\/p>\n\n\t\t<\/div>\n\t<\/div>\n\n\t<div class=\"wpb_text_column wpb_content_element\" >\n\t\t<div class=\"wpb_wrapper\">\n\t\t\t<h3>Nuestro trabajo<\/h3>\n<ul>\n<li style=\"list-style-type: none;\">\n<ul>\n<li><span style=\"color: #808080;\">CONSERVAR una vivienda asequible y la estabilidad de las comunidades desfavorecidas y de alto riesgo.<\/span><\/li>\n<li><span style=\"color: #808080;\">AUMENTA la movilidad, seguridad e independencia de las personas mayores y de los vecinos con discapacidad.<\/span><\/li>\n<li><span style=\"color: #808080;\">CONSTRUYE patrimonio y seguridad a largo plazo para las familias con bajos ingresos<\/span><\/li>\n<li><span style=\"color: #808080;\">REDUCE el aislamiento y el riesgo con llamadas de preparaci\u00f3n y bienestar ante cat\u00e1strofes<\/span><\/li>\n<\/ul>\n<\/li>\n<\/ul>\n\n\t\t<\/div>\n\t<\/div>\n\n\t<div class=\"wpb_text_column wpb_content_element\" >\n\t\t<div class=\"wpb_wrapper\">\n\t\t\t<p><span style=\"color: #999999;\">RTSF es una filial local de <\/span><a href=\"http:\/\/www.rebuildingtogether.org\/\" target=\"_blank\" rel=\"noopener noreferrer\">Reconstruir juntos<\/a>, <span style=\"color: #999999;\">una organizaci\u00f3n nacional que cuenta con 130 afiliados que prestan servicio a comunidades de todo el pa\u00eds y moviliza a miles de voluntarios cada a\u00f1o. Para obtener una copia de nuestras finanzas auditadas, informe anual o IRS 990, p\u00f3ngase en contacto con Mahogany Roland, Directora Ejecutiva, en <\/span><a href=\"mailto:mahogany@rtsf.org\">mahogany@rtsf.org<\/a>.<\/p>\n\n\t\t<\/div>\n\t<\/div>\n<div class=\"hr-thin style-line accent-border-color hr-left\" style=\"width: 100%;border-top-width: 2px;\"><\/div><\/div><\/div><\/div><\/div><div id=\"boardofdirectors\" class=\"vc_row wpb_row vc_row-fluid\"><div class=\"wpb_column vc_column_container vc_col-sm-12\"><div class=\"vc_column-inner\"><div class=\"wpb_wrapper\">\n\t<div class=\"wpb_text_column wpb_content_element\" >\n\t\t<div class=\"wpb_wrapper\">\n\t\t\t\n\t\t<\/div>\n\t<\/div>\n\n\t<div class=\"wpb_text_column wpb_content_element\" >\n\t\t<div class=\"wpb_wrapper\">\n\t\t\t<h2>Consejo de Administraci\u00f3n<\/h2>\n\n\t\t<\/div>\n\t<\/div>\n<div class=\"vc_row wpb_row vc_inner vc_row-fluid\"><div class=\"wpb_column vc_column_container vc_col-sm-3\"><div class=\"vc_column-inner\"><div class=\"wpb_wrapper\"><div class=\"shortcode-single-image-wrap alignnone flipInX animate-element  vc_custom_1645641350976\" ><div class=\"shortcode-single-image\"><div class=\"fancy-media-wrap layzr-bg\" style=\"border-radius:100px;\"><img loading=\"lazy\" decoding=\"async\" class=\"preload-me lazy-load\" src=\"data:image\/svg+xml,%3Csvg%20xmlns%3D&#39;http%3A%2F%2Fwww.w3.org%2F2000%2Fsvg&#39;%20viewBox%3D&#39;0%200%20200%20201&#39;%2F%3E\" data-src=\"https:\/\/rebuildingtogethersf.org\/wp-content\/uploads\/2022\/02\/Screen-Shot-2022-02-23-at-10.35.14-AM-200x201.png\" data-srcset=\"https:\/\/rebuildingtogethersf.org\/wp-content\/uploads\/2022\/02\/Screen-Shot-2022-02-23-at-10.35.14-AM-200x201.png 200w, https:\/\/rebuildingtogethersf.org\/wp-content\/uploads\/2022\/02\/Screen-Shot-2022-02-23-at-10.35.14-AM-400x402.png 400w\" width=\"200\" height=\"201\"  data-dt-location=\"https:\/\/rebuildingtogethersf.org\/es\/who-we-are\/screen-shot-2022-02-23-at-10-35-14-am\/\" style=\"border-radius:100px;\" alt=\"Una mujer sentada en una mesa con un bol\u00edgrafo y un papel.\" \/><\/div><\/div><\/div><div class=\"ult-just-icon-wrapper\"><div class=\"align-icon\" style=\"text-align:center;\">\n<a class=\"aio-tooltip 69ef82ea0428a\" href=\"https:\/\/www.linkedin.com\/in\/lisa-cholmondeley-4aa3414\/\" target=\"_blank\" rel=\"noopener\"  data-toggle=\"tooltip\" data-placement=\"\"><div class=\"aio-icon none\"  style=\"color:#0b01bf;font-size:32px;display:inline-block;\">\n\t<i class=\"Defaults-linkedin-square\"><\/i>\n<\/div><\/a><\/div><\/div>\n\t<div class=\"wpb_text_column wpb_content_element\" >\n\t\t<div class=\"wpb_wrapper\">\n\t\t\t<h5><span style=\"color: #008000;\">Lisa Cholmondeley,<\/span> Presidente de la Junta<\/h5>\n<p><strong><em>Director, Gensler<\/em><\/strong><\/p>\n<div id=\"gtx-trans\" style=\"position: absolute; left: 122px; top: 74.75px;\">\n<div class=\"gtx-trans-icon\"><\/div>\n<\/div>\n\n\t\t<\/div>\n\t<\/div>\n<\/div><\/div><\/div><div class=\"wpb_column vc_column_container vc_col-sm-3\"><div class=\"vc_column-inner\"><div class=\"wpb_wrapper\"><div class=\"shortcode-single-image-wrap alignnone flipInX animate-element  vc_custom_1624544176708\" ><div class=\"shortcode-single-image\"><div class=\"fancy-media-wrap layzr-bg\" style=\"border-radius:100px;\"><img loading=\"lazy\" decoding=\"async\" class=\"preload-me lazy-load\" src=\"data:image\/svg+xml,%3Csvg%20xmlns%3D&#39;http%3A%2F%2Fwww.w3.org%2F2000%2Fsvg&#39;%20viewBox%3D&#39;0%200%20200%20200&#39;%2F%3E\" data-src=\"https:\/\/rebuildingtogethersf.org\/wp-content\/uploads\/2021\/06\/BD-headshot-2020-200x200.jpg\" data-srcset=\"https:\/\/rebuildingtogethersf.org\/wp-content\/uploads\/2021\/06\/BD-headshot-2020-200x200.jpg 200w, https:\/\/rebuildingtogethersf.org\/wp-content\/uploads\/2021\/06\/BD-headshot-2020-400x400.jpg 400w\" width=\"200\" height=\"200\"  data-dt-location=\"https:\/\/rebuildingtogethersf.org\/es\/who-we-are\/bd-headshot-2020\/\" style=\"border-radius:100px;\" alt=\"Un hombre con gafas y traje de chaqueta sonr\u00ede a la c\u00e1mara.\" \/><\/div><\/div><\/div><div class=\"ult-just-icon-wrapper\"><div class=\"align-icon\" style=\"text-align:center;\">\n<a class=\"aio-tooltip 69ef82ea0481c\" href=\"https:\/\/www.linkedin.com\/in\/briandonnellysf\/\" target=\"_blank\" rel=\"noopener\"  data-toggle=\"tooltip\" data-placement=\"\"><div class=\"aio-icon none\"  style=\"color:#0b01bf;font-size:32px;display:inline-block;\">\n\t<i class=\"Defaults-linkedin-square\"><\/i>\n<\/div><\/a><\/div><\/div>\n\t<div class=\"wpb_text_column wpb_content_element\" >\n\t\t<div class=\"wpb_wrapper\">\n\t\t\t<h5><span style=\"color: #008000;\">Brian Donnelly,<\/span> Tesorero del Consejo<\/h5>\n<p><strong><em>Director Financiero Fraccional<\/em><\/strong><\/p>\n\n\t\t<\/div>\n\t<\/div>\n<\/div><\/div><\/div><\/div><div class=\"vc_row wpb_row vc_inner vc_row-fluid\"><div class=\"wpb_column vc_column_container vc_col-sm-3\"><div class=\"vc_column-inner\"><div class=\"wpb_wrapper\"><div class=\"shortcode-single-image-wrap alignnone flipInX animate-element  vc_custom_1738268986219\" ><div class=\"shortcode-single-image\"><div class=\"fancy-media-wrap layzr-bg\" style=\"border-radius:100px;\"><img loading=\"lazy\" decoding=\"async\" class=\"preload-me lazy-load\" src=\"data:image\/svg+xml,%3Csvg%20xmlns%3D&#39;http%3A%2F%2Fwww.w3.org%2F2000%2Fsvg&#39;%20viewBox%3D&#39;0%200%20200%20200&#39;%2F%3E\" data-src=\"https:\/\/rebuildingtogethersf.org\/wp-content\/uploads\/2025\/01\/1706296271941-200x200.jpg\" data-srcset=\"https:\/\/rebuildingtogethersf.org\/wp-content\/uploads\/2025\/01\/1706296271941-200x200.jpg 200w, https:\/\/rebuildingtogethersf.org\/wp-content\/uploads\/2025\/01\/1706296271941.jpg 400w\" width=\"200\" height=\"200\"  data-dt-location=\"https:\/\/rebuildingtogethersf.org\/es\/who-we-are\/attachment\/1706296271941\/\" style=\"border-radius:100px;\" alt=\"\" \/><\/div><\/div><\/div><div class=\"ult-just-icon-wrapper\"><div class=\"align-icon\" style=\"text-align:center;\">\n<a class=\"aio-tooltip 69ef82ea04f36\" href=\"https:\/\/www.linkedin.com\/in\/ron-arana-\/\" target=\"_blank\" rel=\"noopener\"  data-toggle=\"tooltip\" data-placement=\"\"><div class=\"aio-icon none\"  style=\"color:#0b01bf;font-size:32px;display:inline-block;\">\n\t<i class=\"Defaults-linkedin-square\"><\/i>\n<\/div><\/a><\/div><\/div>\n\t<div class=\"wpb_text_column wpb_content_element\" >\n\t\t<div class=\"wpb_wrapper\">\n\t\t\t<h5><span style=\"color: #008000;\">Ron Arana<\/span>Miembro del Consejo de Administraci\u00f3n<\/h5>\n<p><b><i>Socio director, Arana Group Inc.<\/i><\/b><\/p>\n\n\t\t<\/div>\n\t<\/div>\n<\/div><\/div><\/div><div class=\"wpb_column vc_column_container vc_col-sm-3\"><div class=\"vc_column-inner\"><div class=\"wpb_wrapper\"><div class=\"shortcode-single-image-wrap alignnone flipInX animate-element  vc_custom_1741717617093\" ><div class=\"shortcode-single-image\"><div class=\"fancy-media-wrap layzr-bg\" style=\"border-radius:100px;\"><img loading=\"lazy\" decoding=\"async\" class=\"preload-me lazy-load\" src=\"data:image\/svg+xml,%3Csvg%20xmlns%3D&#39;http%3A%2F%2Fwww.w3.org%2F2000%2Fsvg&#39;%20viewBox%3D&#39;0%200%20200%20200&#39;%2F%3E\" data-src=\"https:\/\/rebuildingtogethersf.org\/wp-content\/uploads\/2025\/03\/LizzieSturr-Headshot-200x200.jpg\" data-srcset=\"https:\/\/rebuildingtogethersf.org\/wp-content\/uploads\/2025\/03\/LizzieSturr-Headshot-200x200.jpg 200w, https:\/\/rebuildingtogethersf.org\/wp-content\/uploads\/2025\/03\/LizzieSturr-Headshot-400x400.jpg 400w\" width=\"200\" height=\"200\"  data-dt-location=\"https:\/\/rebuildingtogethersf.org\/es\/who-we-are\/lizziesturr-headshot\/\" style=\"border-radius:100px;\" alt=\"\" \/><\/div><\/div><\/div><div class=\"ult-just-icon-wrapper\"><div class=\"align-icon\" style=\"text-align:center;\">\n<a class=\"aio-tooltip 69ef82ea05545\" href=\"https:\/\/www.linkedin.com\/in\/lizzie-sturr-9969b156\/\" target=\"_blank\" rel=\"noopener\"  data-toggle=\"tooltip\" data-placement=\"\"><div class=\"aio-icon none\"  style=\"color:#0b01bf;font-size:32px;display:inline-block;\">\n\t<i class=\"Defaults-linkedin-square\"><\/i>\n<\/div><\/a><\/div><\/div>\n\t<div class=\"wpb_text_column wpb_content_element\" >\n\t\t<div class=\"wpb_wrapper\">\n\t\t\t<h5><span style=\"color: #008000;\">Lizzie Sturr<\/span>Miembro del Consejo de Administraci\u00f3n<\/h5>\n<p><strong><em>Gestor de proyectos, Capital asociado<\/em><\/strong><\/p>\n\n\t\t<\/div>\n\t<\/div>\n<\/div><\/div><\/div><div class=\"wpb_column vc_column_container vc_col-sm-3\"><div class=\"vc_column-inner\"><div class=\"wpb_wrapper\"><div class=\"shortcode-single-image-wrap alignnone flipInX animate-element  vc_custom_1741804379216\" ><div class=\"shortcode-single-image\"><div class=\"fancy-media-wrap layzr-bg\" style=\"border-radius:100px;\"><img loading=\"lazy\" decoding=\"async\" class=\"preload-me lazy-load\" src=\"data:image\/svg+xml,%3Csvg%20xmlns%3D&#39;http%3A%2F%2Fwww.w3.org%2F2000%2Fsvg&#39;%20viewBox%3D&#39;0%200%20200%20201&#39;%2F%3E\" data-src=\"https:\/\/rebuildingtogethersf.org\/wp-content\/uploads\/2025\/03\/MDP_8098R1-200x201.jpg\" data-srcset=\"https:\/\/rebuildingtogethersf.org\/wp-content\/uploads\/2025\/03\/MDP_8098R1-200x201.jpg 200w, https:\/\/rebuildingtogethersf.org\/wp-content\/uploads\/2025\/03\/MDP_8098R1-400x402.jpg 400w\" width=\"200\" height=\"201\"  data-dt-location=\"https:\/\/rebuildingtogethersf.org\/es\/who-we-are\/mdp_8098r1\/\" style=\"border-radius:100px;\" alt=\"\" \/><\/div><\/div><\/div><div class=\"ult-just-icon-wrapper\"><div class=\"align-icon\" style=\"text-align:center;\">\n<a class=\"aio-tooltip 69ef82ea05b24\" href=\"https:\/\/www.linkedin.com\/in\/leah-turner-jenkins-85b96925\/\" target=\"_blank\" rel=\"noopener\"  data-toggle=\"tooltip\" data-placement=\"\"><div class=\"aio-icon none\"  style=\"color:#0b01bf;font-size:32px;display:inline-block;\">\n\t<i class=\"Defaults-linkedin-square\"><\/i>\n<\/div><\/a><\/div><\/div>\n\t<div class=\"wpb_text_column wpb_content_element\" >\n\t\t<div class=\"wpb_wrapper\">\n\t\t\t<h5><span style=\"color: #008000;\">Leah Turner-Jenkins<\/span>Miembro del Consejo de Administraci\u00f3n<\/h5>\n<p><strong><em>Director de la Divisi\u00f3n de Proyectos Especiales, Turner Construction<\/em><\/strong><\/p>\n\n\t\t<\/div>\n\t<\/div>\n<\/div><\/div><\/div><div class=\"wpb_column vc_column_container vc_col-sm-3\"><div class=\"vc_column-inner\"><div class=\"wpb_wrapper\"><div class=\"shortcode-single-image-wrap alignnone flipInX animate-element  vc_custom_1770705393326\" ><div class=\"shortcode-single-image\"><div class=\"fancy-media-wrap layzr-bg\" style=\"border-radius:150px;\"><img loading=\"lazy\" decoding=\"async\" class=\"preload-me lazy-load\" src=\"data:image\/svg+xml,%3Csvg%20xmlns%3D&#39;http%3A%2F%2Fwww.w3.org%2F2000%2Fsvg&#39;%20viewBox%3D&#39;0%200%20300%20251&#39;%2F%3E\" data-src=\"https:\/\/rebuildingtogethersf.org\/wp-content\/uploads\/2026\/02\/Thank-You-Facebook-Post-300x251.png\" data-srcset=\"https:\/\/rebuildingtogethersf.org\/wp-content\/uploads\/2026\/02\/Thank-You-Facebook-Post-300x251.png 300w, https:\/\/rebuildingtogethersf.org\/wp-content\/uploads\/2026\/02\/Thank-You-Facebook-Post-600x502.png 600w\" width=\"300\" height=\"251\"  data-dt-location=\"https:\/\/rebuildingtogethersf.org\/es\/who-we-are\/thank-you-facebook-post\/\" style=\"border-radius:150px;\" alt=\"\" \/><\/div><\/div><\/div><div class=\"ult-just-icon-wrapper\"><div class=\"align-icon\" style=\"text-align:center;\">\n<a class=\"aio-tooltip 69ef82ea0606e\" href=\"https:\/\/www.linkedin.com\/in\/sarah-leads-2369265b\" target=\"_blank\" rel=\"noopener\"  data-toggle=\"tooltip\" data-placement=\"\"><div class=\"aio-icon none\"  style=\"color:#0b01bf;font-size:32px;display:inline-block;\">\n\t<i class=\"Defaults-linkedin-square\"><\/i>\n<\/div><\/a><\/div><\/div>\n\t<div class=\"wpb_text_column wpb_content_element\" >\n\t\t<div class=\"wpb_wrapper\">\n\t\t\t<h5><span style=\"color: #008000;\">Sarah lidera<\/span>Miembro del Consejo de Administraci\u00f3n<\/h5>\n<p><strong><em>Ejecutivo de proyectos, Swinerton<\/em><\/strong><\/p>\n\n\t\t<\/div>\n\t<\/div>\n<\/div><\/div><\/div><\/div><div class=\"vc_row wpb_row vc_inner vc_row-fluid\"><div class=\"wpb_column vc_column_container vc_col-sm-3\"><div class=\"vc_column-inner\"><div class=\"wpb_wrapper\"><div class=\"shortcode-single-image-wrap alignnone flipInX animate-element  vc_custom_1632509932223\" ><div class=\"shortcode-single-image\"><div class=\"fancy-media-wrap layzr-bg\" style=\"border-radius:100px;\"><img loading=\"lazy\" decoding=\"async\" class=\"preload-me lazy-load\" src=\"data:image\/svg+xml,%3Csvg%20xmlns%3D&#39;http%3A%2F%2Fwww.w3.org%2F2000%2Fsvg&#39;%20viewBox%3D&#39;0%200%20200%20200&#39;%2F%3E\" data-src=\"https:\/\/rebuildingtogethersf.org\/wp-content\/uploads\/2021\/09\/SoniaRollheadshot-200x200.jpeg\" data-srcset=\"https:\/\/rebuildingtogethersf.org\/wp-content\/uploads\/2021\/09\/SoniaRollheadshot-200x200.jpeg 200w, https:\/\/rebuildingtogethersf.org\/wp-content\/uploads\/2021\/09\/SoniaRollheadshot.jpeg 400w\" width=\"200\" height=\"200\"  data-dt-location=\"https:\/\/rebuildingtogethersf.org\/es\/who-we-are\/soniarollheadshot\/\" style=\"border-radius:100px;\" alt=\"Una mujer de pelo largo vestida de negro sonr\u00ede.\" \/><\/div><\/div><\/div><div class=\"ult-just-icon-wrapper\"><div class=\"align-icon\" style=\"text-align:center;\">\n<a class=\"aio-tooltip 69ef82ea06a25\" href=\"https:\/\/www.linkedin.com\/in\/soniaroll\/\" target=\"_blank\" rel=\"noopener\"  data-toggle=\"tooltip\" data-placement=\"\"><div class=\"aio-icon none\"  style=\"color:#0b01bf;font-size:32px;display:inline-block;\">\n\t<i class=\"Defaults-linkedin-square\"><\/i>\n<\/div><\/a><\/div><\/div>\n\t<div class=\"wpb_text_column wpb_content_element\" >\n\t\t<div class=\"wpb_wrapper\">\n\t\t\t<h5 style=\"margin-bottom: 0px;\"><span style=\"color: #008000;\">Sonia Roll<\/span>Miembro del Consejo de Administraci\u00f3n<\/h5>\n<p><strong><em>Directora Regional de Relaciones P\u00fablicas, Gensler<\/em><\/strong><\/p>\n\n\t\t<\/div>\n\t<\/div>\n<\/div><\/div><\/div><div class=\"wpb_column vc_column_container vc_col-sm-3\"><div class=\"vc_column-inner\"><div class=\"wpb_wrapper\"><div class=\"shortcode-single-image-wrap alignnone flipInX animate-element  vc_custom_1645641018425\" ><div class=\"shortcode-single-image\"><div class=\"fancy-media-wrap layzr-bg\" style=\"border-radius:100px;\"><img loading=\"lazy\" decoding=\"async\" class=\"preload-me lazy-load\" src=\"data:image\/svg+xml,%3Csvg%20xmlns%3D&#39;http%3A%2F%2Fwww.w3.org%2F2000%2Fsvg&#39;%20viewBox%3D&#39;0%200%20200%20200&#39;%2F%3E\" data-src=\"https:\/\/rebuildingtogethersf.org\/wp-content\/uploads\/2022\/02\/1572919842712-200x200.jpg\" data-srcset=\"https:\/\/rebuildingtogethersf.org\/wp-content\/uploads\/2022\/02\/1572919842712-200x200.jpg 200w, https:\/\/rebuildingtogethersf.org\/wp-content\/uploads\/2022\/02\/1572919842712.jpg 320w\" width=\"200\" height=\"200\"  data-dt-location=\"https:\/\/rebuildingtogethersf.org\/es\/who-we-are\/attachment\/1572919842712\/\" style=\"border-radius:100px;\" alt=\"Una foto en blanco y negro de una mujer\" \/><\/div><\/div><\/div><div class=\"ult-just-icon-wrapper\"><div class=\"align-icon\" style=\"text-align:center;\">\n<a class=\"aio-tooltip 69ef82ea06f40\" href=\"https:\/\/www.linkedin.com\/in\/maria-durana\/\" target=\"_blank\" rel=\"noopener\"  data-toggle=\"tooltip\" data-placement=\"\"><div class=\"aio-icon none\"  style=\"color:#0b01bf;font-size:32px;display:inline-block;\">\n\t<i class=\"Defaults-linkedin-square\"><\/i>\n<\/div><\/a><\/div><\/div>\n\t<div class=\"wpb_text_column wpb_content_element\" >\n\t\t<div class=\"wpb_wrapper\">\n\t\t\t<h5 style=\"margin-bottom: 0px;\"><span style=\"color: #008000;\">Mar\u00eda Durana<\/span>Miembro del Consejo de Administraci\u00f3n<\/h5>\n<p><strong><em>Directora de SF Children &amp; Nature Collaborative, Departamento de Ocio y Parques de San Francisco<\/em><\/strong><\/p>\n\n\t\t<\/div>\n\t<\/div>\n<\/div><\/div><\/div><div class=\"wpb_column vc_column_container vc_col-sm-3\"><div class=\"vc_column-inner\"><div class=\"wpb_wrapper\"><div class=\"shortcode-single-image-wrap alignnone flipInX animate-element  vc_custom_1762972028701\" ><div class=\"shortcode-single-image\"><div class=\"fancy-media-wrap layzr-bg\" style=\"border-radius:100px;\"><img loading=\"lazy\" decoding=\"async\" class=\"preload-me lazy-load\" src=\"data:image\/svg+xml,%3Csvg%20xmlns%3D&#39;http%3A%2F%2Fwww.w3.org%2F2000%2Fsvg&#39;%20viewBox%3D&#39;0%200%20200%20200&#39;%2F%3E\" data-src=\"https:\/\/rebuildingtogethersf.org\/wp-content\/uploads\/2025\/11\/1737386206469-200x200.jpg\" data-srcset=\"https:\/\/rebuildingtogethersf.org\/wp-content\/uploads\/2025\/11\/1737386206469-200x200.jpg 200w, https:\/\/rebuildingtogethersf.org\/wp-content\/uploads\/2025\/11\/1737386206469.jpg 400w\" width=\"200\" height=\"200\"  data-dt-location=\"https:\/\/rebuildingtogethersf.org\/es\/who-we-are\/attachment\/1737386206469\/\" style=\"border-radius:100px;\" alt=\"\" \/><\/div><\/div><\/div><div class=\"ult-just-icon-wrapper\"><div class=\"align-icon\" style=\"text-align:center;\">\n<a class=\"aio-tooltip 69ef82ea076aa\" href=\"https:\/\/www.linkedin.com\/in\/jasmine-reyes-\/\" target=\"_blank\" rel=\"noopener\"  data-toggle=\"tooltip\" data-placement=\"\"><div class=\"aio-icon none\"  style=\"color:#0b01bf;font-size:32px;display:inline-block;\">\n\t<i class=\"Defaults-linkedin-square\"><\/i>\n<\/div><\/a><\/div><\/div>\n\t<div class=\"wpb_text_column wpb_content_element\" >\n\t\t<div class=\"wpb_wrapper\">\n\t\t\t<h5 style=\"margin-bottom: 0px;\"><span style=\"color: #008000;\">Jasmine Reyes<\/span>Miembro del Consejo de Administraci\u00f3n<\/h5>\n<p><strong><em>Jefe de proyecto, Clark Construction Group<\/em><\/strong><\/p>\n\n\t\t<\/div>\n\t<\/div>\n<\/div><\/div><\/div><\/div>\n\t<div class=\"wpb_text_column wpb_content_element\" >\n\t\t<div class=\"wpb_wrapper\">\n\t\t\t<p><a href=\"#!\/aboutus\">Volver arriba<\/a><\/p>\n\n\t\t<\/div>\n\t<\/div>\n<\/div><\/div><\/div><\/div><div id=\"staff\" class=\"vc_row wpb_row vc_row-fluid\"><div class=\"wpb_column vc_column_container vc_col-sm-12\"><div class=\"vc_column-inner\"><div class=\"wpb_wrapper\">\n\t<div class=\"wpb_text_column wpb_content_element\" >\n\t\t<div class=\"wpb_wrapper\">\n\t\t\t<h2>Personal<\/h2>\n\n\t\t<\/div>\n\t<\/div>\n<div class=\"vc_row wpb_row vc_inner vc_row-fluid\"><div class=\"wpb_column vc_column_container vc_col-sm-4\"><div class=\"vc_column-inner\"><div class=\"wpb_wrapper\"><div class=\"shortcode-single-image-wrap alignnone flipInX animate-element  vc_custom_1575999602350\" ><div class=\"shortcode-single-image\"><div class=\"fancy-media-wrap layzr-bg\" style=\"border-radius:100px;\"><img loading=\"lazy\" decoding=\"async\" class=\"preload-me lazy-load\" src=\"data:image\/svg+xml,%3Csvg%20xmlns%3D&#39;http%3A%2F%2Fwww.w3.org%2F2000%2Fsvg&#39;%20viewBox%3D&#39;0%200%20200%20200&#39;%2F%3E\" data-src=\"https:\/\/rebuildingtogethersf.org\/wp-content\/uploads\/2019\/12\/MCR_HeadShot-1-200x200.jpg\" data-srcset=\"https:\/\/rebuildingtogethersf.org\/wp-content\/uploads\/2019\/12\/MCR_HeadShot-1-200x200.jpg 200w, https:\/\/rebuildingtogethersf.org\/wp-content\/uploads\/2019\/12\/MCR_HeadShot-1-400x400.jpg 400w\" width=\"200\" height=\"200\"  data-dt-location=\"https:\/\/rebuildingtogethersf.org\/es\/who-we-are\/mcr_headshot-2\/\" style=\"border-radius:100px;\" alt=\"Una mujer con chaqueta azul de pie con los brazos cruzados.\" \/><\/div><\/div><\/div><div class=\"ult-just-icon-wrapper\"><div class=\"align-icon\" style=\"text-align:center;\">\n<a class=\"aio-tooltip 69ef82ea087ac\" href=\"https:\/\/www.linkedin.com\/in\/mahogany-c-5576a05\/\" target=\"_blank\" rel=\"noopener\"  data-toggle=\"tooltip\" data-placement=\"\"><div class=\"aio-icon none\"  style=\"color:#0b01bf;font-size:32px;display:inline-block;\">\n\t<i class=\"Defaults-linkedin-square\"><\/i>\n<\/div><\/a><\/div><\/div>\n\t<div class=\"wpb_text_column wpb_content_element\" >\n\t\t<div class=\"wpb_wrapper\">\n\t\t\t<h5><span style=\"color: #008000;\">Charlton Roland de caoba<\/span>Director Ejecutivo<\/h5>\n<p><span style=\"text-decoration: underline;\"><span style=\"color: #0000ff;\"><a style=\"color: #0000ff; text-decoration: underline;\" href=\"mailto:Mahogany@rtsf.org\">Mahogany@rtsf.org<\/a><\/span><\/span><span style=\"color: #0000ff;\">\u00a0\u00a0<\/span><span style=\"color: #000000;\">(415) 322-9579<\/span><\/p>\n\n\t\t<\/div>\n\t<\/div>\n<\/div><\/div><\/div><div class=\"wpb_column vc_column_container vc_col-sm-4\"><div class=\"vc_column-inner\"><div class=\"wpb_wrapper\"><div class=\"shortcode-single-image-wrap alignnone flipInX animate-element  vc_custom_1602109505953\" ><div class=\"shortcode-single-image\"><div class=\"fancy-media-wrap layzr-bg\" style=\"border-radius:100px;\"><img loading=\"lazy\" decoding=\"async\" class=\"preload-me lazy-load\" src=\"data:image\/svg+xml,%3Csvg%20xmlns%3D&#39;http%3A%2F%2Fwww.w3.org%2F2000%2Fsvg&#39;%20viewBox%3D&#39;0%200%20200%20197&#39;%2F%3E\" data-src=\"https:\/\/rebuildingtogethersf.org\/wp-content\/uploads\/2020\/10\/Screen-Shot-2020-10-07-at-3.24.06-PM-200x197.png\" data-srcset=\"https:\/\/rebuildingtogethersf.org\/wp-content\/uploads\/2020\/10\/Screen-Shot-2020-10-07-at-3.24.06-PM-200x197.png 200w, https:\/\/rebuildingtogethersf.org\/wp-content\/uploads\/2020\/10\/Screen-Shot-2020-10-07-at-3.24.06-PM-400x394.png 400w\" width=\"200\" height=\"197\"  data-dt-location=\"https:\/\/rebuildingtogethersf.org\/es\/who-we-are\/screen-shot-2020-10-07-at-3-24-06-pm\/\" style=\"border-radius:100px;\" alt=\"Una mujer joven con un jersey morado junto a unos \u00e1rboles.\" \/><\/div><\/div><\/div><div class=\"ult-just-icon-wrapper\"><div class=\"align-icon\" style=\"text-align:center;\">\n<a class=\"aio-tooltip 69ef82ea08d55\" href=\"https:\/\/www.linkedin.com\/in\/lydiafojtik\/\" target=\"_blank\" rel=\"noopener\"  data-toggle=\"tooltip\" data-placement=\"\"><div class=\"aio-icon none\"  style=\"color:#0b01bf;font-size:32px;display:inline-block;\">\n\t<i class=\"Defaults-linkedin-square\"><\/i>\n<\/div><\/a><\/div><\/div>\n\t<div class=\"wpb_text_column wpb_content_element\" >\n\t\t<div class=\"wpb_wrapper\">\n\t\t\t<h5><span style=\"color: #008000;\">Lydia Fojtik<\/span>Director de Programas<\/h5>\n<p><span style=\"text-decoration: underline;\"><span style=\"color: #0000ff;\"><a style=\"color: #0000ff; text-decoration: underline;\" href=\"mailto:Lydia@rtsf.org\">Lydia@rtsf.org<\/a><\/span><\/span><span style=\"color: #0000ff;\">\u00a0\u00a0<\/span><span style=\"color: #000000;\">(415) 322-8042<\/span><\/p>\n\n\t\t<\/div>\n\t<\/div>\n<\/div><\/div><\/div><div class=\"wpb_column vc_column_container vc_col-sm-4\"><div class=\"vc_column-inner\"><div class=\"wpb_wrapper\"><div class=\"shortcode-single-image-wrap alignnone flipInX animate-element  vc_custom_1653340538361\" ><div class=\"shortcode-single-image\"><div class=\"fancy-media-wrap layzr-bg\" style=\"border-radius:100px;\"><img loading=\"lazy\" decoding=\"async\" class=\"preload-me lazy-load\" src=\"data:image\/svg+xml,%3Csvg%20xmlns%3D&#39;http%3A%2F%2Fwww.w3.org%2F2000%2Fsvg&#39;%20viewBox%3D&#39;0%200%20200%20182&#39;%2F%3E\" data-src=\"https:\/\/rebuildingtogethersf.org\/wp-content\/uploads\/2022\/05\/Screen-Shot-2022-05-23-at-11.11.14-PM-200x182.png\" data-srcset=\"https:\/\/rebuildingtogethersf.org\/wp-content\/uploads\/2022\/05\/Screen-Shot-2022-05-23-at-11.11.14-PM-200x182.png 200w, https:\/\/rebuildingtogethersf.org\/wp-content\/uploads\/2022\/05\/Screen-Shot-2022-05-23-at-11.11.14-PM-400x364.png 400w\" width=\"200\" height=\"182\"  data-dt-location=\"https:\/\/rebuildingtogethersf.org\/es\/who-we-are\/screen-shot-2022-05-23-at-11-11-14-pm\/\" style=\"border-radius:100px;\" alt=\"Una mujer con el pelo corto y que lleva pendientes.\" \/><\/div><\/div><\/div><div class=\"ult-just-icon-wrapper\"><div class=\"align-icon\" style=\"text-align:center;\">\n<a class=\"aio-tooltip 69ef82ea0a05f\" href=\"https:\/\/www.linkedin.com\/in\/tamnujohnson\/\" target=\"_blank\" rel=\"noopener\"  data-toggle=\"tooltip\" data-placement=\"\"><div class=\"aio-icon none\"  style=\"color:#0b01bf;font-size:32px;display:inline-block;\">\n\t<i class=\"Defaults-linkedin-square\"><\/i>\n<\/div><\/a><\/div><\/div>\n\t<div class=\"wpb_text_column wpb_content_element\" >\n\t\t<div class=\"wpb_wrapper\">\n\t\t\t<h5><span style=\"color: #008000;\">Tamra Johnson,<\/span> Responsable de Atenci\u00f3n al Cliente<\/h5>\n<div dir=\"ltr\"><span style=\"text-decoration: underline;\"><span style=\"color: #0000ff;\"><a style=\"color: #0000ff; text-decoration: underline;\" href=\"mailto:Tamra@rtsf.org\">Tamra@rtsf.org<\/a><\/span><\/span><span style=\"color: #0000ff;\">\u00a0<\/span><span style=\"color: #000000;\">(415) 275-1385<\/span><\/div>\n\n\t\t<\/div>\n\t<\/div>\n<\/div><\/div><\/div><\/div><div class=\"vc_row wpb_row vc_inner vc_row-fluid\"><div class=\"wpb_column vc_column_container vc_col-sm-4\"><div class=\"vc_column-inner\"><div class=\"wpb_wrapper\"><div class=\"shortcode-single-image-wrap alignnone flipInX animate-element  vc_custom_1640022992041\" ><div class=\"shortcode-single-image\"><div class=\"fancy-media-wrap layzr-bg\" style=\"border-radius:100px;\"><img loading=\"lazy\" decoding=\"async\" class=\"preload-me lazy-load\" src=\"data:image\/svg+xml,%3Csvg%20xmlns%3D&#39;http%3A%2F%2Fwww.w3.org%2F2000%2Fsvg&#39;%20viewBox%3D&#39;0%200%20200%20192&#39;%2F%3E\" data-src=\"https:\/\/rebuildingtogethersf.org\/wp-content\/uploads\/2021\/12\/Screen-Shot-2021-12-20-at-9.55.44-AM-200x192.png\" data-srcset=\"https:\/\/rebuildingtogethersf.org\/wp-content\/uploads\/2021\/12\/Screen-Shot-2021-12-20-at-9.55.44-AM-200x192.png 200w, https:\/\/rebuildingtogethersf.org\/wp-content\/uploads\/2021\/12\/Screen-Shot-2021-12-20-at-9.55.44-AM-400x384.png 400w\" width=\"200\" height=\"192\"  data-dt-location=\"https:\/\/rebuildingtogethersf.org\/es\/who-we-are\/screen-shot-2021-12-20-at-9-55-44-am\/\" style=\"border-radius:100px;\" alt=\"Una mujer de pelo largo sonr\u00ede a la c\u00e1mara.\" \/><\/div><\/div><\/div><div class=\"ult-just-icon-wrapper\"><div class=\"align-icon\" style=\"text-align:center;\">\n<a class=\"aio-tooltip 69ef82ea0a900\" href=\"https:\/\/www.linkedin.com\/in\/kelsey-hull-171100107\/\" target=\"_blank\" rel=\"noopener\"  data-toggle=\"tooltip\" data-placement=\"\"><div class=\"aio-icon none\"  style=\"color:#0b01bf;font-size:32px;display:inline-block;\">\n\t<i class=\"Defaults-linkedin-square\"><\/i>\n<\/div><\/a><\/div><\/div>\n\t<div class=\"wpb_text_column wpb_content_element\" >\n\t\t<div class=\"wpb_wrapper\">\n\t\t\t<h5><span style=\"color: #008000;\">Kelsey Hull<\/span>Consultor de subvenciones<\/h5>\n\n\t\t<\/div>\n\t<\/div>\n<\/div><\/div><\/div><div class=\"wpb_column vc_column_container vc_col-sm-4\"><div class=\"vc_column-inner\"><div class=\"wpb_wrapper\"><div class=\"shortcode-single-image-wrap alignnone flipInX animate-element  vc_custom_1690475358189\" ><div class=\"shortcode-single-image\"><div class=\"fancy-media-wrap layzr-bg\" style=\"border-radius:100px;\"><img loading=\"lazy\" decoding=\"async\" class=\"preload-me lazy-load\" src=\"data:image\/svg+xml,%3Csvg%20xmlns%3D&#39;http%3A%2F%2Fwww.w3.org%2F2000%2Fsvg&#39;%20viewBox%3D&#39;0%200%20200%20200&#39;%2F%3E\" data-src=\"https:\/\/rebuildingtogethersf.org\/wp-content\/uploads\/2023\/07\/1576611999448-200x200.jpg\" data-srcset=\"https:\/\/rebuildingtogethersf.org\/wp-content\/uploads\/2023\/07\/1576611999448-200x200.jpg 200w, https:\/\/rebuildingtogethersf.org\/wp-content\/uploads\/2023\/07\/1576611999448-400x400.jpg 400w\" width=\"200\" height=\"200\"  data-dt-location=\"https:\/\/rebuildingtogethersf.org\/es\/who-we-are\/attachment\/1576611999448\/\" style=\"border-radius:100px;\" alt=\"Una mujer junto a un \u00e1rbol sonr\u00ede a la c\u00e1mara.\" \/><\/div><\/div><\/div><div class=\"ult-just-icon-wrapper\"><div class=\"align-icon\" style=\"text-align:center;\">\n<a class=\"aio-tooltip 69ef82ea0ae60\" href=\"https:\/\/www.linkedin.com\/in\/crystalwan100\/\" target=\"_blank\" rel=\"noopener\"  data-toggle=\"tooltip\" data-placement=\"\"><div class=\"aio-icon none\"  style=\"color:#0b01bf;font-size:32px;display:inline-block;\">\n\t<i class=\"Defaults-linkedin-square\"><\/i>\n<\/div><\/a><\/div><\/div>\n\t<div class=\"wpb_text_column wpb_content_element\" >\n\t\t<div class=\"wpb_wrapper\">\n\t\t\t<h5><span style=\"color: #008000;\">Crystal Wan,<\/span> Coordinador de Desarrollo<\/h5>\n<div dir=\"ltr\"><span style=\"text-decoration: underline;\"><span style=\"color: #0000ff;\"><a style=\"color: #0000ff; text-decoration: underline;\" href=\"mailto:crystal@rtsf.org\">crystal@rtsf.org<\/a><\/span><\/span><\/div>\n\n\t\t<\/div>\n\t<\/div>\n<\/div><\/div><\/div><\/div><div class=\"hr-thin style-line accent-border-color hr-left\" style=\"width: 100%;border-top-width: 2px;\"><\/div><\/div><\/div><\/div><\/div><div id=\"careers\" class=\"vc_row wpb_row vc_row-fluid\"><div class=\"wpb_column vc_column_container vc_col-sm-12\"><div class=\"vc_column-inner\"><div class=\"wpb_wrapper\">\n\t<div class=\"wpb_text_column wpb_content_element\" >\n\t\t<div class=\"wpb_wrapper\">\n\t\t\t<h2>Oportunidades profesionales<\/h2>\n\n\t\t<\/div>\n\t<\/div>\n\n\t<div class=\"wpb_text_column wpb_content_element\" >\n\t\t<div class=\"wpb_wrapper\">\n\t\t\t<h3>Puestos vacantes en la Junta Directiva<\/h3>\n<p class=\"cvGsUA direction-ltr align-center para-style-body\"><span class=\"OYPEnA text-decoration-none text-strikethrough-none\">RTSF busca nuevos miembros para su junta directiva. Esta es una gran oportunidad para que los profesionales tengan un impacto positivo y se unan a un equipo de colaboraci\u00f3n para promover nuestra misi\u00f3n de reparar hogares y renovar viviendas. <\/span><span class=\"OYPEnA text-decoration-none text-strikethrough-none\">instalaciones comunitarias en barrios desfavorecidos de San Francisco.<\/span><\/p>\n<p>Estamos buscando (pero no limitado a) las personas en:<\/p>\n<ul>\n<li>Recaudaci\u00f3n de fondos<\/li>\n<li>Mujeres en la construcci\u00f3n<\/li>\n<li>Recursos Humanos<\/li>\n<li>Comunidad de viviendas<\/li>\n<li>Comunidad senior<\/li>\n<li>Desarrollo de la mano de obra y Gobierno<\/li>\n<\/ul>\n<p><a href=\"https:\/\/drive.google.com\/file\/d\/1cU9RhhU6UWexB9Su5j_d-U_TUu4qvatN\/view?usp=sharing\">Pulse aqu\u00ed<\/a> para la descripci\u00f3n de los miembros del consejo<\/p>\n<p><a href=\"https:\/\/drive.google.com\/file\/d\/1Bi6ksToKcoMTEpVRmndgoYAvbqwWEpOD\/view?usp=sharing\">Pulse aqu\u00ed<\/a> \u00a1para rellenar la solicitud!<\/p>\n\n\t\t<\/div>\n\t<\/div>\n<div class=\"hr-thin style-line accent-border-color hr-left\" style=\"width: 50px;border-top-width: 3px;\"><\/div>\n\t<div class=\"wpb_text_column wpb_content_element\" >\n\t\t<div class=\"wpb_wrapper\">\n\t\t\t<p><a href=\"#!\/aboutus\">Volver arriba<\/a><\/p>\n\n\t\t<\/div>\n\t<\/div>\n<\/div><\/div><\/div><\/div><div class=\"vc_row wpb_row vc_row-fluid\"><div class=\"wpb_column vc_column_container vc_col-sm-12\"><div class=\"vc_column-inner\"><div class=\"wpb_wrapper\">\n\t<div class=\"wpb_text_column wpb_content_element\" >\n\t\t<div class=\"wpb_wrapper\">\n\t\t\t<h2>Miembro de la Junta Directiva<\/h2>\n\n\t\t<\/div>\n\t<\/div>\n<\/div><\/div><\/div><\/div><div class=\"vc_row wpb_row vc_row-fluid\"><div class=\"wpb_column vc_column_container vc_col-sm-12\"><div class=\"vc_column-inner\"><div class=\"wpb_wrapper\">\n\t<div  class=\"wpb_single_image wpb_content_element vc_align_center\">\n\t\t\n\t\t<figure class=\"wpb_wrapper vc_figure\">\n\t\t\t<div class=\"vc_single_image-wrapper   vc_box_border_grey\"><img loading=\"lazy\" decoding=\"async\" class=\"vc_single_image-img\" src=\"https:\/\/rebuildingtogethersf.org\/wp-content\/uploads\/2024\/03\/Justine-Sears-Board-Highlight-400x400.png\" width=\"400\" height=\"400\" alt=\"Una mujer delante de una puerta.\" title=\"Justine Sears Destacado del Consejo\"  data-dt-location=\"https:\/\/rebuildingtogethersf.org\/es\/who-we-are\/justine-sears-board-highlight\/\" \/><\/div>\n\t\t<\/figure>\n\t<\/div>\n<\/div><\/div><\/div><\/div><div class=\"vc_row wpb_row vc_row-fluid\"><div class=\"wpb_column vc_column_container vc_col-sm-12\"><div class=\"vc_column-inner\"><div class=\"wpb_wrapper\">\n\t<div class=\"wpb_text_column wpb_content_element\" >\n\t\t<div class=\"wpb_wrapper\">\n\t\t\t<h4 style=\"text-align: center;\">Presidenta del Comit\u00e9 Directivo de She Builds SF Chapter y<br \/>\nC\u00e1tedra de Desarrollo<\/h4>\n<p><em><strong>Pres\u00e9ntese. \u00bfCu\u00e1l es su formaci\u00f3n?<\/strong><\/em><\/p>\n<p>Soy Presidente y copropietario de Moroso Construction en San Francisco. Construimos residencias y fincas a medida en toda la zona de la bah\u00eda. En mi puesto desarrollo relaciones con clientes, arquitectos y dise\u00f1adores, dirijo proyectos y presto mi profunda experiencia en estimaci\u00f3n, gesti\u00f3n de proyectos y liderazgo de equipos al proceso. Me un\u00ed a Moroso en 2008 y me convert\u00ed en propietario en 2016 con mi socio Ron Bond. Ha sido emocionante y gratificante ayudar a crecer y dar forma al enfoque, la cultura, los valores y la trayectoria de Moroso a lo largo de los a\u00f1os. Una constante en mi trabajo es defender a las mujeres del sector y acabar con los prejuicios de g\u00e9nero que, por desgracia, siguen siendo demasiado frecuentes.<\/p>\n<p>&nbsp;<\/p>\n<p><em><strong>\u00bfQu\u00e9 le hizo decidirse a formar parte de la junta directiva de la RTSF?<\/strong><\/em><\/p>\n<p>La vacante en la Junta surgi\u00f3 en 2019 tres a\u00f1os despu\u00e9s de haber ayudado a cofundar nuestro cap\u00edtulo She Builds SF. Fue un paso natural hacia una mayor implicaci\u00f3n con la organizaci\u00f3n.<br \/>\nMe presentaron por primera vez a RTSF en 2016 a trav\u00e9s de un colega que sab\u00eda que el ED en ese momento quer\u00eda crear un cap\u00edtulo She Builds y pens\u00f3 que yo ser\u00eda un gran partido debido a mi amplia red en la industria y mi defensa de las mujeres en la construcci\u00f3n. Yo hab\u00eda cofundado un grupo de networking para mujeres de la industria en 2014 que hab\u00eda crecido a una lista de m\u00e1s de 300, y podr\u00eda traer eso para beneficiar a la fundaci\u00f3n de She Builds SF.<\/p>\n<p>&nbsp;<\/p>\n<p><em><strong>\u00bfCu\u00e1l es su cargo y sus responsabilidades?<\/strong><\/em><\/p>\n<p>Ocupo dos puestos en la Junta Directiva: She Builds SF Chapter Steering Committee Chair y Development Chair. En mi puesto de Presidenta de She Builds SF soy responsable de dirigir el Comit\u00e9 Directivo y de supervisar la financiaci\u00f3n y el mantenimiento de She Builds SF como parte de la RTSF. Trabajo con el ED a un nivel estrat\u00e9gico para determinar c\u00f3mo She Builds SF sirve a la misi\u00f3n de RTSF en el panorama general, y lo que RTSF quiere y necesita del programa. En los primeros a\u00f1os de She Builds SF fuimos muy activas, haciendo tres proyectos en el primer a\u00f1o y visitando lugares donde pod\u00edamos llegar a las mujeres j\u00f3venes para hablar de la misi\u00f3n y lo que hacemos, como el programa de comercio CityBuild.<\/p>\n<p>En mi puesto de Presidenta de Desarrollo recaudo fondos para la RTSF y he establecido un campo de donantes relacionados con los oficios que est\u00e1n entusiasmados con nuestra misi\u00f3n, incluidos contratistas comerciales y residenciales, subcontratistas, arquitectos, etc. Tambi\u00e9n participo en la planificaci\u00f3n de eventos apoyados por donantes, desde eventos de recaudaci\u00f3n de fondos m\u00e1s peque\u00f1os y accesibles, como la Noche de Trivialidades, hasta el pr\u00f3ximo 35 aniversario.<\/p>\n<p>&nbsp;<\/p>\n<p><em><strong>\u00bfQu\u00e9 le gusta de ser miembro del Consejo de RTSF?<\/strong><\/em><br \/>\nPara m\u00ed es importante intentar mejorar la vida de las personas que tienen dificultades en nuestra ciudad. Llevo 30 a\u00f1os viviendo en San Francisco, tengo un negocio en la ciudad, mis hijos crecieron aqu\u00ed. Realmente valoro contribuir a nivel de base y fomentar la comunidad a trav\u00e9s de vecinos que ayudan a vecinos. She Builds SF es una extensi\u00f3n de mi trabajo para conectar y apoyar a las mujeres en la construcci\u00f3n, y ser un miembro de la Junta RTSF es un buen complemento a lo que hago a diario.<\/p>\n<p>&nbsp;<\/p>\n<p><em><strong>\u00bfCu\u00e1l es su recuerdo favorito de RTSF?<\/strong><\/em><br \/>\nMi recuerdo favorito de RTSF es nuestra visita a la Life Learning Academy, que es una escuela secundaria p\u00fablica concertada en Treasure Island. Nos reunimos con el director y el jefe de la divisi\u00f3n de carpinter\u00eda para hablar de RTSF y She Builds SF, y almorzamos con los ni\u00f1os que ellos prepararon. Me gust\u00f3 mucho aprender sobre la escuela y c\u00f3mo proporcionan a los ni\u00f1os habilidades profesionales como la restauraci\u00f3n y la carpinter\u00eda para ampliar sus oportunidades. A ra\u00edz de esa reuni\u00f3n, un joven acudi\u00f3 a una jornada de construcci\u00f3n de RTSF y una joven acudi\u00f3 a SheBuilds. Nunca habr\u00eda conocido LLA de no ser por RTSF, y sigue siendo un gran ejemplo de c\u00f3mo todo funciona a la perfecci\u00f3n para conectar nuestra misi\u00f3n con un nuevo socio comunitario.<\/p>\n\n\t\t<\/div>\n\t<\/div>\n<div class=\"ult-spacer spacer-69ef82ea0bfb8\" data-id=\"69ef82ea0bfb8\" data-height=\"50\" data-height-mobile=\"50\" data-height-tab=\"50\" data-height-tab-portrait=\"\" data-height-mobile-landscape=\"25\" style=\"clear:both;display:block;\"><\/div><\/div><\/div><\/div><\/div><div data-vc-full-width=\"true\" data-vc-full-width-init=\"false\" class=\"vc_row wpb_row vc_row-fluid vc_custom_1540346067590 vc_row-has-fill\"><div class=\"wpb_column vc_column_container vc_col-sm-12\"><div class=\"vc_column-inner\"><div class=\"wpb_wrapper\">\n\t<div class=\"wpb_text_column wpb_content_element  light\" >\n\t\t<div class=\"wpb_wrapper\">\n\t\t\t<h2 style=\"text-align: center;\">Mant\u00e9ngase al d\u00eda con Rebuilding Together SF<\/h2>\n\n\t\t<\/div>\n\t<\/div>\n<style type=\"text\/css\" data-type=\"the7_shortcodes-inline-css\">#default-btn-02f3d2e005bb239b3496c0365b67af88:not(:hover) {\n  background: #ffffff !important;\n  color: #60bb46;\n}\n#default-btn-02f3d2e005bb239b3496c0365b67af88:not(:hover) * {\n  color: #60bb46;\n}\n.btn-3d #default-btn-02f3d2e005bb239b3496c0365b67af88:not(:hover) {\n  border-bottom-color: #e0e0e0;\n}\n#default-btn-02f3d2e005bb239b3496c0365b67af88:hover {\n  background: rgba(255,255,255,0.94) !important;\n  color: #60bb46;\n}\n#default-btn-02f3d2e005bb239b3496c0365b67af88:hover * {\n  color: #60bb46;\n}\n.btn-3d #default-btn-02f3d2e005bb239b3496c0365b67af88:hover {\n  border-bottom-color: rgba(224,224,224,0.94);\n}\n#default-btn-02f3d2e005bb239b3496c0365b67af88 > i {\n  font-size: 11px;\n}\n#default-btn-02f3d2e005bb239b3496c0365b67af88 * {\n  vertical-align: middle;\n}\n<\/style><div class=\"btn-align-center\"><a href=\"\/es\/boletin\/\" class=\"default-btn-shortcode dt-btn dt-btn-l\" id=\"default-btn-02f3d2e005bb239b3496c0365b67af88\"><span>Suscr\u00edbase a nuestro bolet\u00edn<\/span><\/a><\/div><\/div><\/div><\/div><\/div><div class=\"vc_row-full-width vc_clearfix\"><\/div><!-- Row Backgrounds --><div class=\"upb_color\" data-bg-override=\"0\" data-bg-color=\"\" data-fadeout=\"\" data-fadeout-percentage=\"30\" data-parallax-content=\"\" data-parallax-content-sense=\"30\" data-row-effect-mobile-disable=\"true\" data-img-parallax-mobile-disable=\"true\" data-rtl=\"false\"  data-custom-vc-row=\"\"  data-vc=\"6.0.5\"  data-is_old_vc=\"\"  data-theme-support=\"\"   data-overlay=\"false\" data-overlay-color=\"\" data-overlay-pattern=\"\" data-overlay-pattern-opacity=\"\" data-overlay-pattern-size=\"\"    ><\/div><div class=\"vc_row wpb_row vc_row-fluid\"><div class=\"wpb_column vc_column_container vc_col-sm-12\"><div class=\"vc_column-inner\"><div class=\"wpb_wrapper\"><div class=\"uavc-icons\"><\/div><\/div><\/div><\/div><\/div><div class=\"vc_row wpb_row vc_row-fluid\"><div class=\"wpb_column vc_column_container vc_col-sm-12\"><div class=\"vc_column-inner\"><div class=\"wpb_wrapper\">\n\t<div class=\"wpb_text_column wpb_content_element\" >\n\t\t<div class=\"wpb_wrapper\">\n\t\t\t\n\t\t<\/div>\n\t<\/div>\n<\/div><\/div><\/div><\/div>","protected":false},"excerpt":{"rendered":"<p>Nuestra historia En Rebuilding Together San Francisco, ofrecemos reparaciones y renovaciones esenciales para ayudar a nuestros vecinos a permanecer en sus hogares y comunidades. Nuestra misi\u00f3n Reparar hogares, revitalizar comunidades, reconstruir vidas. Nuestra visi\u00f3n Hogares y comunidades seguros para todos. Qui\u00e9nes somos Fundada en 1989 en respuesta al terremoto de Loma Prieta, hemos trabajado en colaboraci\u00f3n...<\/p>","protected":false},"author":1,"featured_media":0,"parent":0,"menu_order":0,"comment_status":"closed","ping_status":"closed","template":"","meta":{"give_campaign_id":0,"om_disable_all_campaigns":false,"_monsterinsights_skip_tracking":false,"_monsterinsights_sitenote_active":false,"_monsterinsights_sitenote_note":"","_monsterinsights_sitenote_category":0},"class_list":["post-251","page","type-page","status-publish","hentry","description-off"],"yoast_head":"<!-- This site is optimized with the Yoast SEO plugin v27.4 - https:\/\/yoast.com\/product\/yoast-seo-wordpress\/ -->\n<title>Our Story - Rebuilding Together SF<\/title>\n<meta name=\"robots\" content=\"index, follow, max-snippet:-1, max-image-preview:large, max-video-preview:-1\" \/>\n<link rel=\"canonical\" href=\"https:\/\/rebuildingtogethersf.org\/es\/quienes-somos\/\" \/>\n<meta property=\"og:locale\" content=\"es_MX\" \/>\n<meta property=\"og:type\" content=\"article\" \/>\n<meta property=\"og:title\" content=\"Our Story - Rebuilding Together SF\" \/>\n<meta property=\"og:url\" content=\"https:\/\/rebuildingtogethersf.org\/es\/quienes-somos\/\" \/>\n<meta property=\"og:site_name\" content=\"Rebuilding Together SF\" \/>\n<meta property=\"article:modified_time\" content=\"2026-02-10T06:37:04+00:00\" \/>\n<meta name=\"twitter:card\" content=\"summary_large_image\" \/>\n<meta name=\"twitter:label1\" content=\"Tiempo de lectura\" \/>\n\t<meta name=\"twitter:data1\" content=\"6 minutos\" \/>\n<script type=\"application\/ld+json\" class=\"yoast-schema-graph\">{\"@context\":\"https:\\\/\\\/schema.org\",\"@graph\":[{\"@type\":\"WebPage\",\"@id\":\"https:\\\/\\\/rebuildingtogethersf.org\\\/who-we-are\\\/\",\"url\":\"https:\\\/\\\/rebuildingtogethersf.org\\\/who-we-are\\\/\",\"name\":\"Our Story - Rebuilding Together SF\",\"isPartOf\":{\"@id\":\"https:\\\/\\\/rebuildingtogethersf.org\\\/#website\"},\"datePublished\":\"2018-09-02T04:09:23+00:00\",\"dateModified\":\"2026-02-10T06:37:04+00:00\",\"breadcrumb\":{\"@id\":\"https:\\\/\\\/rebuildingtogethersf.org\\\/who-we-are\\\/#breadcrumb\"},\"inLanguage\":\"es\",\"potentialAction\":[{\"@type\":\"ReadAction\",\"target\":[\"https:\\\/\\\/rebuildingtogethersf.org\\\/who-we-are\\\/\"]}]},{\"@type\":\"BreadcrumbList\",\"@id\":\"https:\\\/\\\/rebuildingtogethersf.org\\\/who-we-are\\\/#breadcrumb\",\"itemListElement\":[{\"@type\":\"ListItem\",\"position\":1,\"name\":\"Home\",\"item\":\"https:\\\/\\\/rebuildingtogethersf.org\\\/\"},{\"@type\":\"ListItem\",\"position\":2,\"name\":\"Our Story\"}]},{\"@type\":\"WebSite\",\"@id\":\"https:\\\/\\\/rebuildingtogethersf.org\\\/#website\",\"url\":\"https:\\\/\\\/rebuildingtogethersf.org\\\/\",\"name\":\"Rebuilding Together SF\",\"description\":\"Repairing homes, revitalizing communities, rebuilding lives!\",\"potentialAction\":[{\"@type\":\"SearchAction\",\"target\":{\"@type\":\"EntryPoint\",\"urlTemplate\":\"https:\\\/\\\/rebuildingtogethersf.org\\\/?s={search_term_string}\"},\"query-input\":{\"@type\":\"PropertyValueSpecification\",\"valueRequired\":true,\"valueName\":\"search_term_string\"}}],\"inLanguage\":\"es\"}]}<\/script>\n<!-- \/ Yoast SEO plugin. -->","yoast_head_json":{"title":"Nuestra historia - Reconstruyendo Juntos SF","robots":{"index":"index","follow":"follow","max-snippet":"max-snippet:-1","max-image-preview":"max-image-preview:large","max-video-preview":"max-video-preview:-1"},"canonical":"https:\/\/rebuildingtogethersf.org\/es\/quienes-somos\/","og_locale":"es_MX","og_type":"article","og_title":"Our Story - Rebuilding Together SF","og_url":"https:\/\/rebuildingtogethersf.org\/es\/quienes-somos\/","og_site_name":"Rebuilding Together SF","article_modified_time":"2026-02-10T06:37:04+00:00","twitter_card":"summary_large_image","twitter_misc":{"Tiempo de lectura":"6 minutos"},"schema":{"@context":"https:\/\/schema.org","@graph":[{"@type":"WebPage","@id":"https:\/\/rebuildingtogethersf.org\/who-we-are\/","url":"https:\/\/rebuildingtogethersf.org\/who-we-are\/","name":"Nuestra historia - Reconstruyendo Juntos SF","isPartOf":{"@id":"https:\/\/rebuildingtogethersf.org\/#website"},"datePublished":"2018-09-02T04:09:23+00:00","dateModified":"2026-02-10T06:37:04+00:00","breadcrumb":{"@id":"https:\/\/rebuildingtogethersf.org\/who-we-are\/#breadcrumb"},"inLanguage":"es","potentialAction":[{"@type":"ReadAction","target":["https:\/\/rebuildingtogethersf.org\/who-we-are\/"]}]},{"@type":"BreadcrumbList","@id":"https:\/\/rebuildingtogethersf.org\/who-we-are\/#breadcrumb","itemListElement":[{"@type":"ListItem","position":1,"name":"Home","item":"https:\/\/rebuildingtogethersf.org\/"},{"@type":"ListItem","position":2,"name":"Our Story"}]},{"@type":"WebSite","@id":"https:\/\/rebuildingtogethersf.org\/#website","url":"https:\/\/rebuildingtogethersf.org\/","name":"Reconstruyendo Juntos SF","description":"Reparar hogares, revitalizar comunidades, reconstruir vidas.","potentialAction":[{"@type":"SearchAction","target":{"@type":"EntryPoint","urlTemplate":"https:\/\/rebuildingtogethersf.org\/?s={search_term_string}"},"query-input":{"@type":"PropertyValueSpecification","valueRequired":true,"valueName":"search_term_string"}}],"inLanguage":"es"}]}},"campaignId":"","_links":{"self":[{"href":"https:\/\/rebuildingtogethersf.org\/es\/wp-json\/wp\/v2\/pages\/251","targetHints":{"allow":["GET"]}}],"collection":[{"href":"https:\/\/rebuildingtogethersf.org\/es\/wp-json\/wp\/v2\/pages"}],"about":[{"href":"https:\/\/rebuildingtogethersf.org\/es\/wp-json\/wp\/v2\/types\/page"}],"author":[{"embeddable":true,"href":"https:\/\/rebuildingtogethersf.org\/es\/wp-json\/wp\/v2\/users\/1"}],"replies":[{"embeddable":true,"href":"https:\/\/rebuildingtogethersf.org\/es\/wp-json\/wp\/v2\/comments?post=251"}],"version-history":[{"count":337,"href":"https:\/\/rebuildingtogethersf.org\/es\/wp-json\/wp\/v2\/pages\/251\/revisions"}],"predecessor-version":[{"id":2128,"href":"https:\/\/rebuildingtogethersf.org\/es\/wp-json\/wp\/v2\/pages\/251\/revisions\/2128"}],"wp:attachment":[{"href":"https:\/\/rebuildingtogethersf.org\/es\/wp-json\/wp\/v2\/media?parent=251"}],"curies":[{"name":"wp","href":"https:\/\/api.w.org\/{rel}","templated":true}]}}