{"id":8,"date":"2018-08-21T02:34:18","date_gmt":"2018-08-21T02:34:18","guid":{"rendered":"http:\/\/localhost:8888\/?page_id=8"},"modified":"2025-05-30T16:03:38","modified_gmt":"2025-05-30T16:03:38","slug":"lo-que-hacemos","status":"publish","type":"page","link":"https:\/\/rebuildingtogethersf.org\/es\/what-we-do\/","title":{"rendered":"Nuestros servicios"},"content":{"rendered":"<div class=\"vc_row wpb_row vc_row-fluid\"><div class=\"wpb_column vc_column_container vc_col-sm-12\"><div class=\"vc_column-inner\"><div class=\"wpb_wrapper\">\n\t<div class=\"wpb_text_column wpb_content_element\" >\n\t\t<div class=\"wpb_wrapper\">\n\t\t\t<div data-vc-full-width=\"true\" data-vc-full-width-init=\"false\" class=\"vc_row wpb_row vc_row-fluid vc_custom_1631146421266 vc_row-has-fill\"><\/div><div class=\"vc_row-full-width vc_clearfix\"><\/div><!-- Row Backgrounds --><div class=\"upb_bg_img\" data-ultimate-bg=\"url(https:\/\/rebuildingtogethersf.org\/wp-content\/uploads\/2019\/11\/charles-drew-4.jpg)\" data-image-id=\"id^910|url^https:\/\/rebuildingtogethersf.org\/wp-content\/uploads\/2019\/11\/charles-drew-4.jpg|caption^null|alt^null|title^charles drew (4)|description^null\" data-ultimate-bg-style=\"vcpb-vz-jquery\" data-bg-img-repeat=\"no-repeat\" data-bg-img-size=\"cover\" data-bg-img-position=\"\" data-parallx_sense=\"30\" data-bg-override=\"0\" data-bg_img_attach=\"scroll\" data-upb-overlay-color=\"rgba(255,255,255,0.6)\" data-upb-bg-animation=\"\" data-fadeout=\"\" data-bg-animation=\"left-animation\" data-bg-animation-type=\"h\" data-animation-repeat=\"repeat\" data-fadeout-percentage=\"30\" data-parallax-content=\"\" data-parallax-content-sense=\"30\" data-row-effect-mobile-disable=\"true\" data-img-parallax-mobile-disable=\"true\" data-rtl=\"false\"  data-custom-vc-row=\"\"  data-vc=\"6.0.5\"  data-is_old_vc=\"\"  data-theme-support=\"\"   data-overlay=\"true\" data-overlay-color=\"rgba(255,255,255,0.6)\" data-overlay-pattern=\"\" data-overlay-pattern-opacity=\"0.8\" data-overlay-pattern-size=\"\" data-overlay-pattern-attachment=\"scroll\"    ><\/div><div class=\"wpb_column vc_column_container vc_col-sm-12\"><div class=\"vc_column-inner\"><div class=\"wpb_wrapper\"><\/div><\/div><\/div>\n\t<div class=\"wpb_text_column wpb_content_element\" >\n\t\t<div class=\"wpb_wrapper\">\n\t\t\t\n\t\t<\/div>\n\t<\/div>\n<h1 style=\"text-align: center;\">Nuestros servicios<\/h1>\n\n\t\t<\/div>\n\t<\/div>\n<\/div><\/div><\/div><\/div><div id=\"safeandhealthyhousing\" class=\"vc_row wpb_row vc_row-fluid\"><div class=\"wpb_column vc_column_container vc_col-sm-12\"><div class=\"vc_column-inner\"><div class=\"wpb_wrapper\">\n\t<div class=\"wpb_text_column wpb_content_element\" >\n\t\t<div class=\"wpb_wrapper\">\n\t\t\t<h2 style=\"text-align: left;\">Viviendas seguras y saludables<\/h2>\n\n\t\t<\/div>\n\t<\/div>\n\n\t<div class=\"wpb_text_column wpb_content_element\" >\n\t\t<div class=\"wpb_wrapper\">\n\t\t\t<p><span style=\"font-weight: 400;\">Nuestro modelo de pr\u00e1ctica de Vivienda Segura y Saludable es la base de nuestro trabajo de reparaci\u00f3n y modificaci\u00f3n de viviendas durante todo el a\u00f1o. Nuestros programas de reparaci\u00f3n de viviendas se centran en aumentar la seguridad y la movilidad de las personas mayores y los vecinos con discapacidad, preservar viviendas asequibles para familias de bajos ingresos y reducir el aislamiento y el desplazamiento.<\/span><\/p>\n\n\t\t<\/div>\n\t<\/div>\n<\/div><\/div><\/div><\/div><div class=\"vc_row wpb_row vc_row-fluid\"><div class=\"wpb_column vc_column_container vc_col-sm-3\"><div class=\"vc_column-inner\"><div class=\"wpb_wrapper\">\n\t<div  class=\"wpb_single_image wpb_content_element vc_align_left\">\n\t\t\n\t\t<figure class=\"wpb_wrapper vc_figure\">\n\t\t\t<div class=\"vc_single_image-wrapper   vc_box_border_grey\"><img loading=\"lazy\" decoding=\"async\" width=\"300\" height=\"200\" src=\"https:\/\/rebuildingtogethersf.org\/wp-content\/uploads\/2021\/09\/Copy-of-pat-moore-2-300x200.jpg\" class=\"vc_single_image-img attachment-medium\" alt=\"Una mujer con su perro en el regazo.\" srcset=\"https:\/\/rebuildingtogethersf.org\/wp-content\/uploads\/2021\/09\/Copy-of-pat-moore-2-300x200.jpg 300w, https:\/\/rebuildingtogethersf.org\/wp-content\/uploads\/2021\/09\/Copy-of-pat-moore-2-1024x683.jpg 1024w, https:\/\/rebuildingtogethersf.org\/wp-content\/uploads\/2021\/09\/Copy-of-pat-moore-2-768x512.jpg 768w, https:\/\/rebuildingtogethersf.org\/wp-content\/uploads\/2021\/09\/Copy-of-pat-moore-2-391x260.jpg 391w, https:\/\/rebuildingtogethersf.org\/wp-content\/uploads\/2021\/09\/Copy-of-pat-moore-2-1536x1024.jpg 1536w, https:\/\/rebuildingtogethersf.org\/wp-content\/uploads\/2021\/09\/Copy-of-pat-moore-2-600x400.jpg 600w, https:\/\/rebuildingtogethersf.org\/wp-content\/uploads\/2021\/09\/Copy-of-pat-moore-2.jpg 1800w\" sizes=\"auto, (max-width: 300px) 100vw, 300px\"  data-dt-location=\"https:\/\/rebuildingtogethersf.org\/es\/what-we-do\/copy-of-pat-moore-2\/\" \/><\/div>\n\t\t<\/figure>\n\t<\/div>\n\n\t<div  class=\"wpb_single_image wpb_content_element vc_align_left\">\n\t\t\n\t\t<figure class=\"wpb_wrapper vc_figure\">\n\t\t\t<div class=\"vc_single_image-wrapper   vc_box_border_grey\"><img loading=\"lazy\" decoding=\"async\" width=\"300\" height=\"200\" src=\"https:\/\/rebuildingtogethersf.org\/wp-content\/uploads\/2021\/09\/20190413-113642-_8501597-300x200.jpg\" class=\"vc_single_image-img attachment-medium\" alt=\"Un hombre con un taladro y guantes.\" srcset=\"https:\/\/rebuildingtogethersf.org\/wp-content\/uploads\/2021\/09\/20190413-113642-_8501597-300x200.jpg 300w, https:\/\/rebuildingtogethersf.org\/wp-content\/uploads\/2021\/09\/20190413-113642-_8501597-1024x683.jpg 1024w, https:\/\/rebuildingtogethersf.org\/wp-content\/uploads\/2021\/09\/20190413-113642-_8501597-768x512.jpg 768w, https:\/\/rebuildingtogethersf.org\/wp-content\/uploads\/2021\/09\/20190413-113642-_8501597-391x260.jpg 391w, https:\/\/rebuildingtogethersf.org\/wp-content\/uploads\/2021\/09\/20190413-113642-_8501597-1536x1024.jpg 1536w, https:\/\/rebuildingtogethersf.org\/wp-content\/uploads\/2021\/09\/20190413-113642-_8501597-600x400.jpg 600w, https:\/\/rebuildingtogethersf.org\/wp-content\/uploads\/2021\/09\/20190413-113642-_8501597.jpg 2048w\" sizes=\"auto, (max-width: 300px) 100vw, 300px\"  data-dt-location=\"https:\/\/rebuildingtogethersf.org\/es\/what-we-do\/20190413-113642-_8501597\/\" \/><\/div>\n\t\t<\/figure>\n\t<\/div>\n\n\t<div  class=\"wpb_single_image wpb_content_element vc_align_left\">\n\t\t\n\t\t<figure class=\"wpb_wrapper vc_figure\">\n\t\t\t<div class=\"vc_single_image-wrapper   vc_box_border_grey\"><img loading=\"lazy\" decoding=\"async\" width=\"300\" height=\"295\" src=\"https:\/\/rebuildingtogethersf.org\/wp-content\/uploads\/2021\/09\/Screen-Shot-2021-05-20-at-8.20.57-AM-300x295.png\" class=\"vc_single_image-img attachment-medium\" alt=\"Una bolsa de comida y provisiones encima de una mesa.\" srcset=\"https:\/\/rebuildingtogethersf.org\/wp-content\/uploads\/2021\/09\/Screen-Shot-2021-05-20-at-8.20.57-AM-300x295.png 300w, https:\/\/rebuildingtogethersf.org\/wp-content\/uploads\/2021\/09\/Screen-Shot-2021-05-20-at-8.20.57-AM-1024x1008.png 1024w, https:\/\/rebuildingtogethersf.org\/wp-content\/uploads\/2021\/09\/Screen-Shot-2021-05-20-at-8.20.57-AM-768x756.png 768w, https:\/\/rebuildingtogethersf.org\/wp-content\/uploads\/2021\/09\/Screen-Shot-2021-05-20-at-8.20.57-AM-600x590.png 600w, https:\/\/rebuildingtogethersf.org\/wp-content\/uploads\/2021\/09\/Screen-Shot-2021-05-20-at-8.20.57-AM.png 1370w\" sizes=\"auto, (max-width: 300px) 100vw, 300px\"  data-dt-location=\"https:\/\/rebuildingtogethersf.org\/es\/what-we-do\/screen-shot-2021-05-20-at-8-20-57-am\/\" \/><\/div>\n\t\t<\/figure>\n\t<\/div>\n<\/div><\/div><\/div><div class=\"wpb_column vc_column_container vc_col-sm-9\"><div class=\"vc_column-inner\"><div class=\"wpb_wrapper\">\n\t<div class=\"wpb_text_column wpb_content_element\" >\n\t\t<div class=\"wpb_wrapper\">\n\t\t\t<h4>25 Prioridades para una vivienda segura y saludable<\/h4>\n<p>Las viviendas seguras y saludables son la base de nuestro trabajo de reparaci\u00f3n de viviendas, y se centran en los principales riesgos para la seguridad y la salud seg\u00fan los Ocho Principios de las Viviendas Saludables: mantenerlas secas, limpias, libres de plagas, seguras, libres de contaminantes, bien ventiladas, mantenidas y t\u00e9rmicamente controladas. <span style=\"font-weight: 400;\">Nuestra <a href=\"https:\/\/rebuildingtogether.org\/sites\/default\/files\/PDF\/Safe_Healthy_Housing\/SafeandHealthyPriorities_Checklist_logo.pdf\">25 Prioridades de salud y seguridad<\/a> se centran en los peligros importantes para la salud y la seguridad en los hogares y proporcionan un marco com\u00fan para realizar evaluaciones completas en el hogar y establecer objetivos de reparaci\u00f3n basados en las necesidades especiales y el estado de salud de cada propietario. A trav\u00e9s de reparaciones y modificaciones cr\u00edticas de viviendas en comunidades desatendidas, abordamos la conexi\u00f3n entre salud y vivienda, al tiempo que preservamos el panorama existente de viviendas asequibles en todo San Francisco. <\/span>Para ampliar nuestro trabajo, nos asociamos con la Oficina del Alcalde de Vivienda y Desarrollo Comunitario (MOHCD) en esta iniciativa para proporcionar <strong>Reparaciones cr\u00edticas<\/strong> que nos ayuda a ampliar nuestro alcance y profundidad de trabajo abordando la accesibilidad, las reparaciones estructurales y las instalaciones de prevenci\u00f3n de ca\u00eddas.<\/p>\n<p><em><strong>*El Programa de Reparaci\u00f3n de Viviendas para Mayores ya no acepta solicitudes*.<\/strong><\/em><\/p>\n\n\t\t<\/div>\n\t<\/div>\n\n\t<div class=\"wpb_text_column wpb_content_element\" >\n\t\t<div class=\"wpb_wrapper\">\n\t\t\t<h4>Convocatorias de preparaci\u00f3n para cat\u00e1strofes y bienestar<\/h4>\n<p>RTSF ha servido a 150 hogares de bajos ingresos desde diciembre de 2020 con kits de seguridad de preparaci\u00f3n para desastres, y ha proporcionado llamadas semanales de bienestar a cientos de familias durante y despu\u00e9s de COVID-19. <span style=\"font-weight: 400;\">Esta labor aborda necesidades emergentes fundamentales para la seguridad y la atenci\u00f3n, disminuyendo el aislamiento y compartiendo recursos cr\u00edticos, y garantizando que las familias y los vecinos est\u00e9n preparados para futuras cat\u00e1strofes como terremotos - proporcionando suministros, seguridad, protecci\u00f3n y educaci\u00f3n que a menudo se descuida a los hogares de bajos ingresos, espec\u00edficamente a los de las comunidades marrones y negras. Nuestros kits de seguridad<\/span> contienen m\u00e1s de $100 en suministros b\u00e1sicos de seguridad, incluido un botiqu\u00edn de primeros auxilios de la Cruz Roja, radio de emergencia, linterna, manta espacial, jab\u00f3n, alimentos enlatados y mucho m\u00e1s, para garantizar que todos los sanfranciscanos est\u00e9n preparados para un terremoto u otra cat\u00e1strofe.<\/p>\n\n\t\t<\/div>\n\t<\/div>\n\n\t<div class=\"wpb_text_column wpb_content_element\" >\n\t\t<div class=\"wpb_wrapper\">\n\t\t\t<h4>Equidad en la eficiencia energ\u00e9tica<\/h4>\n<p>Parte de nuestro trabajo para conseguir comunidades pr\u00f3speras consiste en ofrecer mejoras de los electrodom\u00e9sticos a los hogares con rentas bajas. Nos comprometemos a poner la eficiencia energ\u00e9tica al alcance de todos los vecinos con mejoras que reduzcan su impacto ambiental, les ahorren dinero con facturas energ\u00e9ticas reducidas y mejoren la calidad del aire. La instalaci\u00f3n de ventilaci\u00f3n y electrodom\u00e9sticos adecuados y de calidad ayuda a aliviar muchos problemas de salud comunes en los hogares, mejorar la calidad del aire en el hogar es fundamental para proteger la fr\u00e1gil salud de muchos de nuestros vecinos.<\/p>\n\n\t\t<\/div>\n\t<\/div>\n<\/div><\/div><\/div><div class=\"wpb_column vc_column_container vc_col-sm-12\"><div class=\"vc_column-inner\"><div class=\"wpb_wrapper\"><div class=\"hr-thin style-line accent-border-color hr-left\" style=\"width: 100%;border-top-width: 2px;\"><\/div><\/div><\/div><\/div><\/div><div id=\"communitybuilddays\" class=\"vc_row wpb_row vc_row-fluid\"><div class=\"wpb_column vc_column_container vc_col-sm-12\"><div class=\"vc_column-inner\"><div class=\"wpb_wrapper\">\n\t<div class=\"wpb_text_column wpb_content_element\" >\n\t\t<div class=\"wpb_wrapper\">\n\t\t\t\n\t\t<\/div>\n\t<\/div>\n\n\t<div class=\"wpb_text_column wpb_content_element\" >\n\t\t<div class=\"wpb_wrapper\">\n\t\t\t<h2 style=\"text-align: left;\">Jornadas de construcci\u00f3n comunitaria<\/h2>\n\n\t\t<\/div>\n\t<\/div>\n\n\t<div class=\"wpb_text_column wpb_content_element\" >\n\t\t<div class=\"wpb_wrapper\">\n\t\t\t<p><span style=\"font-weight: 400;\">Las Jornadas de Construcci\u00f3n Comunitaria re\u00fanen a socios y voluntarios de la comunidad para revitalizar y reparar viviendas y espacios comunitarios. Organizamos dos grandes iniciativas de voluntariado al a\u00f1o: el Mes Nacional de la Reconstrucci\u00f3n, en abril, se centra en proyectos de apoyo a viviendas de bajos ingresos, y nuestra iniciativa de oto\u00f1o se centra en proyectos en espacios e instalaciones comunitarios.<\/span><\/p>\n\n\t\t<\/div>\n\t<\/div>\n<\/div><\/div><\/div><\/div><div class=\"vc_row wpb_row vc_row-fluid\"><div class=\"wpb_column vc_column_container vc_col-sm-12\"><div class=\"vc_column-inner\"><div class=\"wpb_wrapper\">\n\t<div class=\"wpb_text_column wpb_content_element\" >\n\t\t<div class=\"wpb_wrapper\">\n\t\t\t<h2 style=\"text-align: center;\">Vea aqu\u00ed nuestro v\u00eddeo sobre el MND 2025.<\/h2>\n\n\t\t<\/div>\n\t<\/div>\n<div class=\"vc_btn3-container vc_btn3-center\" >\n\t<a style=\"background-color:#7ac143; color:#ffffff;\" class=\"vc_general vc_btn3 vc_btn3-size-lg vc_btn3-shape-round vc_btn3-style-custom\" href=\"https:\/\/youtu.be\/6Ow9YMBwbV8?feature=shared\" title=\"\">V\u00eddeo del MND 2025<\/a><\/div>\n<\/div><\/div><\/div><\/div><div class=\"vc_row wpb_row vc_row-fluid\"><div class=\"wpb_column vc_column_container vc_col-sm-3\"><div class=\"vc_column-inner\"><div class=\"wpb_wrapper\">\n\t<div  class=\"wpb_single_image wpb_content_element vc_align_center\">\n\t\t\n\t\t<figure class=\"wpb_wrapper vc_figure\">\n\t\t\t<div class=\"vc_single_image-wrapper   vc_box_border_grey\"><img loading=\"lazy\" decoding=\"async\" width=\"300\" height=\"200\" src=\"https:\/\/rebuildingtogethersf.org\/wp-content\/uploads\/2021\/09\/Screen-Shot-2021-09-10-at-2.22.53-PM-300x200.png\" class=\"vc_single_image-img attachment-medium\" alt=\"Tres mujeres trabajan juntas en un jard\u00edn.\" srcset=\"https:\/\/rebuildingtogethersf.org\/wp-content\/uploads\/2021\/09\/Screen-Shot-2021-09-10-at-2.22.53-PM-300x200.png 300w, https:\/\/rebuildingtogethersf.org\/wp-content\/uploads\/2021\/09\/Screen-Shot-2021-09-10-at-2.22.53-PM-1024x683.png 1024w, https:\/\/rebuildingtogethersf.org\/wp-content\/uploads\/2021\/09\/Screen-Shot-2021-09-10-at-2.22.53-PM-768x513.png 768w, https:\/\/rebuildingtogethersf.org\/wp-content\/uploads\/2021\/09\/Screen-Shot-2021-09-10-at-2.22.53-PM-391x260.png 391w, https:\/\/rebuildingtogethersf.org\/wp-content\/uploads\/2021\/09\/Screen-Shot-2021-09-10-at-2.22.53-PM-1536x1025.png 1536w, https:\/\/rebuildingtogethersf.org\/wp-content\/uploads\/2021\/09\/Screen-Shot-2021-09-10-at-2.22.53-PM-600x400.png 600w, https:\/\/rebuildingtogethersf.org\/wp-content\/uploads\/2021\/09\/Screen-Shot-2021-09-10-at-2.22.53-PM.png 1852w\" sizes=\"auto, (max-width: 300px) 100vw, 300px\"  data-dt-location=\"https:\/\/rebuildingtogethersf.org\/es\/what-we-do\/screen-shot-2021-09-10-at-2-22-53-pm\/\" \/><\/div>\n\t\t<\/figure>\n\t<\/div>\n\n\t<div  class=\"wpb_single_image wpb_content_element vc_align_left\">\n\t\t\n\t\t<figure class=\"wpb_wrapper vc_figure\">\n\t\t\t<div class=\"vc_single_image-wrapper   vc_box_border_grey\"><img loading=\"lazy\" decoding=\"async\" width=\"300\" height=\"200\" src=\"https:\/\/rebuildingtogethersf.org\/wp-content\/uploads\/2021\/09\/Copy-of-_8504413copy-1-300x200.jpg\" class=\"vc_single_image-img attachment-medium\" alt=\"Un grupo de personas de pie delante de unos edificios.\" srcset=\"https:\/\/rebuildingtogethersf.org\/wp-content\/uploads\/2021\/09\/Copy-of-_8504413copy-1-300x200.jpg 300w, https:\/\/rebuildingtogethersf.org\/wp-content\/uploads\/2021\/09\/Copy-of-_8504413copy-1-1024x683.jpg 1024w, https:\/\/rebuildingtogethersf.org\/wp-content\/uploads\/2021\/09\/Copy-of-_8504413copy-1-768x512.jpg 768w, https:\/\/rebuildingtogethersf.org\/wp-content\/uploads\/2021\/09\/Copy-of-_8504413copy-1-391x260.jpg 391w, https:\/\/rebuildingtogethersf.org\/wp-content\/uploads\/2021\/09\/Copy-of-_8504413copy-1-1536x1024.jpg 1536w, https:\/\/rebuildingtogethersf.org\/wp-content\/uploads\/2021\/09\/Copy-of-_8504413copy-1-2048x1365.jpg 2048w, https:\/\/rebuildingtogethersf.org\/wp-content\/uploads\/2021\/09\/Copy-of-_8504413copy-1-600x400.jpg 600w\" sizes=\"auto, (max-width: 300px) 100vw, 300px\"  data-dt-location=\"https:\/\/rebuildingtogethersf.org\/es\/what-we-do\/copy-of-_8504413copy-1\/\" \/><\/div>\n\t\t<\/figure>\n\t<\/div>\n<\/div><\/div><\/div><div class=\"wpb_column vc_column_container vc_col-sm-9\"><div class=\"vc_column-inner\"><div class=\"wpb_wrapper\">\n\t<div class=\"wpb_text_column wpb_content_element\" >\n\t\t<div class=\"wpb_wrapper\">\n\t\t\t<h4>Mes nacional de la reconstrucci\u00f3n<\/h4>\n<p><span style=\"font-weight: 400;\">En abril, un esfuerzo de renovaci\u00f3n en toda la ciudad y en todo el pa\u00eds que involucra a la comunidad para proporcionar reparaciones y mejoras que aumenten la seguridad y la comodidad de los vecinos y las familias con ingresos suficientes.<\/span><\/p>\n\n\t\t<\/div>\n\t<\/div>\n\n\t<div class=\"wpb_text_column wpb_content_element\" >\n\t\t<div class=\"wpb_wrapper\">\n\t\t\t<h4>Construye<\/h4>\n<p><span style=\"font-weight: 400;\">Un esfuerzo \u00fanico para potenciar y enriquecer las organizaciones dirigidas y centradas en la mujer y apoyar a las mujeres para que permanezcan seguras en sus hogares y comunidades. Este programa est\u00e1 dirigido y completado en su totalidad por mujeres, y se centra en involucrar y apoyar a una s\u00f3lida red de mujeres en los oficios en el \u00c1rea de la Bah\u00eda. She Builds promueve que las mujeres apoyen a las mujeres en sus comunidades y se celebra durante el Mes Nacional de la Reconstrucci\u00f3n, en abril.<\/span><\/p>\n\n\t\t<\/div>\n\t<\/div>\n\n\t<div class=\"wpb_text_column wpb_content_element\" >\n\t\t<div class=\"wpb_wrapper\">\n\t\t\t<h4>Jornada de construcci\u00f3n comunitaria de oto\u00f1o<\/h4>\n<p><span style=\"font-weight: 400;\">Una oportunidad para que los miembros de la comunidad y los socios apoyen un espacio comunitario, un jard\u00edn, un parque o una instalaci\u00f3n con proyectos que creen renovaciones y mejoras duraderas e impactantes en un vecindario desatendido. Estos proyectos se centran en una comunidad espec\u00edfica y trabajan para crear resiliencia y conexi\u00f3n con los vecinos de San Francisco.<\/span><\/p>\n\n\t\t<\/div>\n\t<\/div>\n<\/div><\/div><\/div><\/div><div data-vc-full-width=\"true\" data-vc-full-width-init=\"false\" class=\"vc_row wpb_row vc_row-fluid vc_custom_1540346067590 vc_row-has-fill\"><div class=\"wpb_column vc_column_container vc_col-sm-12\"><div class=\"vc_column-inner\"><div class=\"wpb_wrapper\">\n\t<div class=\"wpb_text_column wpb_content_element  light\" >\n\t\t<div class=\"wpb_wrapper\">\n\t\t\t<h2 style=\"text-align: center;\">Mant\u00e9ngase al d\u00eda con Rebuilding Together SF<\/h2>\n\n\t\t<\/div>\n\t<\/div>\n<style type=\"text\/css\" data-type=\"the7_shortcodes-inline-css\">#default-btn-02f3d2e005bb239b3496c0365b67af88:not(:hover) {\n  background: #ffffff !important;\n  color: #60bb46;\n}\n#default-btn-02f3d2e005bb239b3496c0365b67af88:not(:hover) * {\n  color: #60bb46;\n}\n.btn-3d #default-btn-02f3d2e005bb239b3496c0365b67af88:not(:hover) {\n  border-bottom-color: #e0e0e0;\n}\n#default-btn-02f3d2e005bb239b3496c0365b67af88:hover {\n  background: rgba(255,255,255,0.94) !important;\n  color: #60bb46;\n}\n#default-btn-02f3d2e005bb239b3496c0365b67af88:hover * {\n  color: #60bb46;\n}\n.btn-3d #default-btn-02f3d2e005bb239b3496c0365b67af88:hover {\n  border-bottom-color: rgba(224,224,224,0.94);\n}\n#default-btn-02f3d2e005bb239b3496c0365b67af88 > i {\n  font-size: 11px;\n}\n#default-btn-02f3d2e005bb239b3496c0365b67af88 * {\n  vertical-align: middle;\n}\n<\/style><div class=\"btn-align-center\"><a href=\"\/es\/boletin\/\" class=\"default-btn-shortcode dt-btn dt-btn-l\" id=\"default-btn-02f3d2e005bb239b3496c0365b67af88\"><span>Suscr\u00edbase a nuestro bolet\u00edn<\/span><\/a><\/div><\/div><\/div><\/div><\/div><div class=\"vc_row-full-width vc_clearfix\"><\/div><!-- Row Backgrounds --><div class=\"upb_color\" data-bg-override=\"0\" data-bg-color=\"\" data-fadeout=\"\" data-fadeout-percentage=\"30\" data-parallax-content=\"\" data-parallax-content-sense=\"30\" data-row-effect-mobile-disable=\"true\" data-img-parallax-mobile-disable=\"true\" data-rtl=\"false\"  data-custom-vc-row=\"\"  data-vc=\"6.0.5\"  data-is_old_vc=\"\"  data-theme-support=\"\"   data-overlay=\"false\" data-overlay-color=\"\" data-overlay-pattern=\"\" data-overlay-pattern-opacity=\"\" data-overlay-pattern-size=\"\"    ><\/div><div class=\"vc_row wpb_row vc_row-fluid\"><div class=\"wpb_column vc_column_container vc_col-sm-12\"><div class=\"vc_column-inner\"><div class=\"wpb_wrapper\"><\/div><\/div><\/div><\/div><div class=\"vc_row wpb_row vc_row-fluid\"><div class=\"wpb_column vc_column_container vc_col-sm-12\"><div class=\"vc_column-inner\"><div class=\"wpb_wrapper\">\n\t<div class=\"wpb_text_column wpb_content_element\" >\n\t\t<div class=\"wpb_wrapper\">\n\t\t\t\n\t\t<\/div>\n\t<\/div>\n<\/div><\/div><\/div><\/div>","protected":false},"excerpt":{"rendered":"<p>Nuestros servicios Vivienda segura y saludable Nuestro modelo de pr\u00e1ctica de Vivienda segura y saludable es la base de nuestro trabajo de reparaci\u00f3n y modificaci\u00f3n de viviendas durante todo el a\u00f1o. Nuestros programas de reparaci\u00f3n de viviendas se centran en el aumento de la seguridad y la movilidad de las personas mayores y los vecinos con discapacidad, la preservaci\u00f3n de viviendas asequibles para familias de bajos ingresos, y la reducci\u00f3n del aislamiento y el desplazamiento. 25...<\/p>","protected":false},"author":1,"featured_media":0,"parent":0,"menu_order":0,"comment_status":"closed","ping_status":"closed","template":"template-microsite.php","meta":{"give_campaign_id":0,"om_disable_all_campaigns":false,"_monsterinsights_skip_tracking":false,"_monsterinsights_sitenote_active":false,"_monsterinsights_sitenote_note":"","_monsterinsights_sitenote_category":0},"class_list":["post-8","page","type-page","status-publish","hentry","description-off"],"yoast_head":"<!-- This site is optimized with the Yoast SEO plugin v27.5 - https:\/\/yoast.com\/product\/yoast-seo-wordpress\/ -->\n<title>Our Services - Rebuilding Together SF<\/title>\n<meta name=\"robots\" content=\"index, follow, max-snippet:-1, max-image-preview:large, max-video-preview:-1\" \/>\n<link rel=\"canonical\" href=\"https:\/\/rebuildingtogethersf.org\/es\/lo-que-hacemos\/\" \/>\n<meta property=\"og:locale\" content=\"es_MX\" \/>\n<meta property=\"og:type\" content=\"article\" \/>\n<meta property=\"og:title\" content=\"Our Services - Rebuilding Together SF\" \/>\n<meta property=\"og:url\" content=\"https:\/\/rebuildingtogethersf.org\/es\/lo-que-hacemos\/\" \/>\n<meta property=\"og:site_name\" content=\"Rebuilding Together SF\" \/>\n<meta property=\"article:modified_time\" content=\"2025-05-30T16:03:38+00:00\" \/>\n<meta name=\"twitter:card\" content=\"summary_large_image\" \/>\n<meta name=\"twitter:label1\" content=\"Tiempo de lectura\" \/>\n\t<meta name=\"twitter:data1\" content=\"4 minutos\" \/>\n<script type=\"application\/ld+json\" class=\"yoast-schema-graph\">{\"@context\":\"https:\\\/\\\/schema.org\",\"@graph\":[{\"@type\":\"WebPage\",\"@id\":\"https:\\\/\\\/rebuildingtogethersf.org\\\/what-we-do\\\/\",\"url\":\"https:\\\/\\\/rebuildingtogethersf.org\\\/what-we-do\\\/\",\"name\":\"Our Services - Rebuilding Together SF\",\"isPartOf\":{\"@id\":\"https:\\\/\\\/rebuildingtogethersf.org\\\/#website\"},\"datePublished\":\"2018-08-21T02:34:18+00:00\",\"dateModified\":\"2025-05-30T16:03:38+00:00\",\"breadcrumb\":{\"@id\":\"https:\\\/\\\/rebuildingtogethersf.org\\\/what-we-do\\\/#breadcrumb\"},\"inLanguage\":\"es\",\"potentialAction\":[{\"@type\":\"ReadAction\",\"target\":[\"https:\\\/\\\/rebuildingtogethersf.org\\\/what-we-do\\\/\"]}]},{\"@type\":\"BreadcrumbList\",\"@id\":\"https:\\\/\\\/rebuildingtogethersf.org\\\/what-we-do\\\/#breadcrumb\",\"itemListElement\":[{\"@type\":\"ListItem\",\"position\":1,\"name\":\"Home\",\"item\":\"https:\\\/\\\/rebuildingtogethersf.org\\\/\"},{\"@type\":\"ListItem\",\"position\":2,\"name\":\"Our Services\"}]},{\"@type\":\"WebSite\",\"@id\":\"https:\\\/\\\/rebuildingtogethersf.org\\\/#website\",\"url\":\"https:\\\/\\\/rebuildingtogethersf.org\\\/\",\"name\":\"Rebuilding Together SF\",\"description\":\"Repairing homes, revitalizing communities, rebuilding lives!\",\"potentialAction\":[{\"@type\":\"SearchAction\",\"target\":{\"@type\":\"EntryPoint\",\"urlTemplate\":\"https:\\\/\\\/rebuildingtogethersf.org\\\/?s={search_term_string}\"},\"query-input\":{\"@type\":\"PropertyValueSpecification\",\"valueRequired\":true,\"valueName\":\"search_term_string\"}}],\"inLanguage\":\"es\"}]}<\/script>\n<!-- \/ Yoast SEO plugin. -->","yoast_head_json":{"title":"Nuestros servicios - Rebuilding Together SF","robots":{"index":"index","follow":"follow","max-snippet":"max-snippet:-1","max-image-preview":"max-image-preview:large","max-video-preview":"max-video-preview:-1"},"canonical":"https:\/\/rebuildingtogethersf.org\/es\/lo-que-hacemos\/","og_locale":"es_MX","og_type":"article","og_title":"Our Services - Rebuilding Together SF","og_url":"https:\/\/rebuildingtogethersf.org\/es\/lo-que-hacemos\/","og_site_name":"Rebuilding Together SF","article_modified_time":"2025-05-30T16:03:38+00:00","twitter_card":"summary_large_image","twitter_misc":{"Tiempo de lectura":"4 minutos"},"schema":{"@context":"https:\/\/schema.org","@graph":[{"@type":"WebPage","@id":"https:\/\/rebuildingtogethersf.org\/what-we-do\/","url":"https:\/\/rebuildingtogethersf.org\/what-we-do\/","name":"Nuestros servicios - Rebuilding Together SF","isPartOf":{"@id":"https:\/\/rebuildingtogethersf.org\/#website"},"datePublished":"2018-08-21T02:34:18+00:00","dateModified":"2025-05-30T16:03:38+00:00","breadcrumb":{"@id":"https:\/\/rebuildingtogethersf.org\/what-we-do\/#breadcrumb"},"inLanguage":"es","potentialAction":[{"@type":"ReadAction","target":["https:\/\/rebuildingtogethersf.org\/what-we-do\/"]}]},{"@type":"BreadcrumbList","@id":"https:\/\/rebuildingtogethersf.org\/what-we-do\/#breadcrumb","itemListElement":[{"@type":"ListItem","position":1,"name":"Home","item":"https:\/\/rebuildingtogethersf.org\/"},{"@type":"ListItem","position":2,"name":"Our Services"}]},{"@type":"WebSite","@id":"https:\/\/rebuildingtogethersf.org\/#website","url":"https:\/\/rebuildingtogethersf.org\/","name":"Reconstruyendo Juntos SF","description":"Reparar hogares, revitalizar comunidades, reconstruir vidas.","potentialAction":[{"@type":"SearchAction","target":{"@type":"EntryPoint","urlTemplate":"https:\/\/rebuildingtogethersf.org\/?s={search_term_string}"},"query-input":{"@type":"PropertyValueSpecification","valueRequired":true,"valueName":"search_term_string"}}],"inLanguage":"es"}]}},"campaignId":"","_links":{"self":[{"href":"https:\/\/rebuildingtogethersf.org\/es\/wp-json\/wp\/v2\/pages\/8","targetHints":{"allow":["GET"]}}],"collection":[{"href":"https:\/\/rebuildingtogethersf.org\/es\/wp-json\/wp\/v2\/pages"}],"about":[{"href":"https:\/\/rebuildingtogethersf.org\/es\/wp-json\/wp\/v2\/types\/page"}],"author":[{"embeddable":true,"href":"https:\/\/rebuildingtogethersf.org\/es\/wp-json\/wp\/v2\/users\/1"}],"replies":[{"embeddable":true,"href":"https:\/\/rebuildingtogethersf.org\/es\/wp-json\/wp\/v2\/comments?post=8"}],"version-history":[{"count":223,"href":"https:\/\/rebuildingtogethersf.org\/es\/wp-json\/wp\/v2\/pages\/8\/revisions"}],"predecessor-version":[{"id":2075,"href":"https:\/\/rebuildingtogethersf.org\/es\/wp-json\/wp\/v2\/pages\/8\/revisions\/2075"}],"wp:attachment":[{"href":"https:\/\/rebuildingtogethersf.org\/es\/wp-json\/wp\/v2\/media?parent=8"}],"curies":[{"name":"wp","href":"https:\/\/api.w.org\/{rel}","templated":true}]}}